{"id":16828,"date":"2025-12-23T07:09:40","date_gmt":"2025-12-23T07:09:40","guid":{"rendered":"https:\/\/www.consultoriatt.com\/?page_id=16828"},"modified":"2025-12-31T12:54:31","modified_gmt":"2025-12-31T12:54:31","slug":"emergencias-y-planes-de-autoproteccion","status":"publish","type":"page","link":"https:\/\/www.consultoriatt.com\/es\/servicios\/emergencias-y-planes-de-autoproteccion\/","title":{"rendered":"EMERGENCIAS Y PLANES DE AUTOPROTECCI\u00d3N"},"content":{"rendered":"<div class=\"wpb-content-wrapper\"><p>[vc_row css_animation=\u00bb\u00bb row_type=\u00bbrow\u00bb use_row_as_full_screen_section=\u00bbno\u00bb type=\u00bbfull_width\u00bb angled_section=\u00bbno\u00bb text_align=\u00bbleft\u00bb background_image_as_pattern=\u00bbwithout_pattern\u00bb z_index=\u00bb\u00bb padding_bottom=\u00bb50&#8243;][vc_column][vc_single_image image=\u00bb16593&#8243; img_size=\u00bbfull\u00bb alignment=\u00bbcenter\u00bb css=\u00bb\u00bb qode_css_animation=\u00bb\u00bb][\/vc_column][\/vc_row][vc_row css_animation=\u00bb\u00bb row_type=\u00bbrow\u00bb use_row_as_full_screen_section=\u00bbno\u00bb type=\u00bbgrid\u00bb angled_section=\u00bbno\u00bb text_align=\u00bbleft\u00bb background_image_as_pattern=\u00bbwithout_pattern\u00bb padding_bottom=\u00bb75&#8243; z_index=\u00bb\u00bb css=\u00bb.vc_custom_1758873102283{margin-top: -20px !important;padding-top: -20px !important;background-color: #ffffff !important;}\u00bb][vc_column css=\u00bb.vc_custom_1758194804783{padding-right: 10% !important;}\u00bb][vc_column_text css=\u00bb\u00bb]<\/p>\n<h1>PLANES DE AUTOPROTECCI\u00d3N (PAU), EMERGENCIAS Y PROTECCI\u00d3N CIVIL<\/h1>\n<p>[\/vc_column_text][vc_empty_space height=\u00bb10&#8243;][vc_column_text css=\u00bb\u00bb]<\/p>\n<h2>Especialistas en redacci\u00f3n, implementaci\u00f3n y supervisi\u00f3n de Planes de Autoprotecci\u00f3n (PAU)<\/h2>\n<p>[\/vc_column_text][vc_empty_space height=\u00bb20&#8243;][vc_column_text css=\u00bb\u00bb]<a href=\"\/es\">INICIO<\/a> \/\/ <a href=\"\/es\/servicios\">SERVICIOS<\/a> \/\/ EMERGENCIAS Y PLANES DE AUTOPROTECCI\u00d3N[\/vc_column_text][vc_separator type=\u00bbsmall\u00bb position=\u00bbleft\u00bb color=\u00bb#A51226&#8243; thickness=\u00bb4&#8243; width=\u00bb48&#8243; up=\u00bb20&#8243;][vc_row_inner row_type=\u00bbrow\u00bb type=\u00bbfull_width\u00bb text_align=\u00bbleft\u00bb css_animation=\u00bb\u00bb][vc_column_inner offset=\u00bbvc_hidden-xs\u00bb]<div class=\"custom_font_holder \" style=\" font-style: italic; font-weight: 400; color: #4D4D4D; text-decoration: none; text-align: left; --qode-cf-font-size: 20px; --qode-cf-line-height: 26px; --qode-cf-font-size-1440: 20px; --qode-cf-line-height-1440: 26px; --qode-cf-font-size-1366: 20px; --qode-cf-line-height-1366: 26px; --qode-cf-font-size-1280: 20px; --qode-cf-line-height-1280: 26px; --qode-cf-font-size-1024: 20px; --qode-cf-line-height-1024: 26px; --qode-cf-font-size-768: 20px; --qode-cf-line-height-768: 26px; --qode-cf-font-size-680: 20px; --qode-cf-line-height-680: 26px; --qode-cf-font-size-480: 20px; --qode-cf-line-height-480: 26px;\">Somos t\u00e9cnicos acreditados en autoprotecci\u00f3n, incendios y riesgos laborales, especialistas en la redacci\u00f3n, implantaci\u00f3n y supervisi\u00f3n de Planes de Autoprotecci\u00f3n (PAU) adaptados a la normativa vigente. El plan de autoprotecci\u00f3n es una exigencia legal para muchas actividades. Con el <strong data-start=\"711\" data-end=\"729\">Decreto 30\/2015<\/strong> y el <strong data-start=\"735\" data-end=\"753\">Decreto 82\/2010<\/strong>, y con personal acreditado seg\u00fan el art\u00edculo 5.a del Decreto 30, cumpliendo todos los requisitos de seguridad y protecci\u00f3n civil.<\/div>[\/vc_column_inner][\/vc_row_inner][vc_row_inner row_type=\u00bbrow\u00bb type=\u00bbfull_width\u00bb text_align=\u00bbleft\u00bb css_animation=\u00bb\u00bb][vc_column_inner offset=\u00bbvc_hidden-lg vc_hidden-md vc_hidden-sm\u00bb]<div class=\"custom_font_holder \" style=\" font-style: italic; font-weight: 400; color: #4D4D4D; text-decoration: none; text-align: left; --qode-cf-font-size: 15px; --qode-cf-line-height: 16px; --qode-cf-font-size-1440: 15px; --qode-cf-line-height-1440: 16px; --qode-cf-font-size-1366: 15px; --qode-cf-line-height-1366: 16px; --qode-cf-font-size-1280: 15px; --qode-cf-line-height-1280: 16px; --qode-cf-font-size-1024: 15px; --qode-cf-line-height-1024: 16px; --qode-cf-font-size-768: 15px; --qode-cf-line-height-768: 16px; --qode-cf-font-size-680: 15px; --qode-cf-line-height-680: 16px; --qode-cf-font-size-480: 15px; --qode-cf-line-height-480: 16px;\">Somos t\u00e9cnicos acreditados en autoprotecci\u00f3n, incendios y riesgos laborales, especialistas en la redacci\u00f3n, implantaci\u00f3n y supervisi\u00f3n de Planes de Autoprotecci\u00f3n (PAU) adaptados a la normativa vigente. El plan de autoprotecci\u00f3n es una exigencia legal para muchas actividades. Con el <strong data-start=\"711\" data-end=\"729\">Decreto 30\/2015<\/strong> y el <strong data-start=\"735\" data-end=\"753\">Decreto 82\/2010<\/strong>, y con personal acreditado seg\u00fan el art\u00edculo 5.a del Decreto 30, cumpliendo todos los requisitos de seguridad y protecci\u00f3n civil.<\/div>[\/vc_column_inner][\/vc_row_inner][\/vc_column][\/vc_row][vc_row css_animation=\u00bb\u00bb row_type=\u00bbrow\u00bb use_row_as_full_screen_section=\u00bbno\u00bb type=\u00bbgrid\u00bb angled_section=\u00bbno\u00bb text_align=\u00bbleft\u00bb background_image_as_pattern=\u00bbwithout_pattern\u00bb z_index=\u00bb\u00bb padding_bottom=\u00bb25&#8243;][vc_column width=\u00bb2\/3&#8243;][vc_separator type=\u00bbnormal\u00bb color=\u00bb#A51226&#8243; thickness=\u00bb10&#8243; up=\u00bb0&#8243; down=\u00bb0&#8243;][vc_single_image image=\u00bb16595&#8243; img_size=\u00bbfull\u00bb css=\u00bb\u00bb qode_css_animation=\u00bb\u00bb][vc_empty_space height=\u00bb25&#8243;][vc_column_text css=\u00bb\u00bb]<\/p>\n<h3>Nuestros servicios en emergencia<\/h3>\n<p>[\/vc_column_text][vc_empty_space height=\u00bb50&#8243;][vc_row_inner row_type=\u00bbrow\u00bb type=\u00bbfull_width\u00bb text_align=\u00bbleft\u00bb css_animation=\u00bb\u00bb][vc_column_inner width=\u00bb1\/2&#8243;][vc_column_text css=\u00bb\u00bb]<\/p>\n<h4>Formaci\u00f3n espec\u00edfica por equipos de trabajo<\/h4>\n<p>Preparaci\u00f3n del personal operativo para que sepa actuar correctamente frente a emergencias, incendios y situaciones de riesgo, con formaci\u00f3n acreditada.<\/p>\n<p>&nbsp;<\/p>\n<h4>Implantaci\u00f3n de medidas de actuaci\u00f3n in situ<\/h4>\n<p>Asesoramos en la ubicaci\u00f3n y uso de los equipamientos de emergencia, alarmas, sistemas de evacuaci\u00f3n, rutas de evacuaci\u00f3n y otras medidas de seguridad.<\/p>\n<p>&nbsp;<\/p>\n<h4>Informes t\u00e9cnicos, revisi\u00f3n y actualizaci\u00f3n documental<\/h4>\n<p>Creaci\u00f3n y revisi\u00f3n de informes de ejercicios, accidentes e incidentes. Actualizamos documentaci\u00f3n legal y del PAU, adapt\u00e1ndola si existen cambios normativos o estructurales.<\/p>\n<p>&nbsp;<\/p>\n<h4>Cartograf\u00eda de emergencias<\/h4>\n<p>Elaboraci\u00f3n de mapas y planos de instalaciones, edificios y espacios afectados por emergencias para facilitar actuaciones r\u00e1pidas y seguras.[\/vc_column_text][vc_empty_space height=\u00bb50&#8243;][\/vc_column_inner][vc_column_inner width=\u00bb1\/2&#8243;][vc_column_text css=\u00bb\u00bb]<\/p>\n<h4>Dise\u00f1o de pautas de actuaci\u00f3n en emergencias<\/h4>\n<p>Definimos procedimientos y sistemas de actuaci\u00f3n personalizados para cada establecimiento, seg\u00fan el Decreto 30\/2015 y la correspondiente normativa de protecci\u00f3n civil.<\/p>\n<p>&nbsp;<\/p>\n<h4>Elaboraci\u00f3n e implantaci\u00f3n de PAU<\/h4>\n<p>Redacci\u00f3n del Plan de Autoprotecci\u00f3n adaptado, no copy-paste. Documento \u00e1gil, completo y actualizado, siguiendo el contenido m\u00ednimo obligatorio en el Decreto 30\/2015, y con registro en la plataforma HERMES.<\/p>\n<p>&nbsp;<\/p>\n<h4>Simulacros y ejercicios pr\u00e1cticos<\/h4>\n<p>Entendemos que la mejor prueba de validez de un PAU es la pr\u00e1ctica. Realizamos simulacros para testar evacuaciones, itinerarios protegidos, coordinaci\u00f3n interna y con servicios externos, con informes y an\u00e1lisis de deficiencias.[\/vc_column_text][vc_empty_space height=\u00bb50&#8243;][\/vc_column_inner][\/vc_row_inner][\/vc_column][vc_column width=\u00bb1\/3&#8243;][qode_elements_holder number_of_columns=\u00bbone_column\u00bb][qode_elements_holder_item advanced_animations=\u00bbno\u00bb background_color=\u00bb#A51226&#8243; item_padding=\u00bb75px 25px 75px 50px\u00bb]<div class=\"custom_font_holder \" style=\" font-style: normal; font-weight: 600; color: #FFFFFF; text-decoration: none; text-align: left; --qode-cf-font-size: 20px; --qode-cf-line-height: 26px; --qode-cf-font-size-1440: 20px; --qode-cf-line-height-1440: 26px; --qode-cf-font-size-1366: 20px; --qode-cf-line-height-1366: 26px; --qode-cf-font-size-1280: 20px; --qode-cf-line-height-1280: 26px; --qode-cf-font-size-1024: 20px; --qode-cf-line-height-1024: 26px; --qode-cf-font-size-768: 20px; --qode-cf-line-height-768: 26px; --qode-cf-font-size-680: 20px; --qode-cf-line-height-680: 26px; --qode-cf-font-size-480: 20px; --qode-cf-line-height-480: 26px;\"><strong>\u00bfPor qu\u00e9 confiar en nosotros?<br \/>\n<\/strong>Tenemos a\u00f1os de experiencia en la elaboraci\u00f3n e implantaci\u00f3n de Planes de Autoprotecci\u00f3n reales y personalizados. T\u00e9cnicos calificados, enfoque pr\u00e1ctico (simulacros + informes), cumplimiento legal completo y atenci\u00f3n ajustada a la realidad de tu establecimiento.<\/div>[vc_empty_space height=\u00bb75&#8243;]<a  itemprop=\"url\" href=\"\/es\/contacto\" target=\"_self\" data-hover-background-color=\"#1A1A1A\" data-hover-border-color=\"#1A1A1A\" data-hover-color=\"#FFFFFF\" class=\"qbutton  default\" style=\"color: #1A1A1A; border-color: #FFFFFF; background-color:#FFFFFF;\">CONT\u00c1CTANOS<\/a>[\/qode_elements_holder_item][\/qode_elements_holder][vc_empty_space height=\u00bb50&#8243;][\/vc_column][\/vc_row][vc_row css_animation=\u00bb\u00bb row_type=\u00bbrow\u00bb use_row_as_full_screen_section=\u00bbno\u00bb type=\u00bbgrid\u00bb angled_section=\u00bbno\u00bb text_align=\u00bbleft\u00bb background_image_as_pattern=\u00bbwithout_pattern\u00bb z_index=\u00bb\u00bb padding_bottom=\u00bb25&#8243;][vc_column width=\u00bb2\/3&#8243;][vc_separator type=\u00bbnormal\u00bb color=\u00bb#A51226&#8243; thickness=\u00bb10&#8243; up=\u00bb0&#8243; down=\u00bb0&#8243;][vc_single_image image=\u00bb16597&#8243; img_size=\u00bbfull\u00bb css=\u00bb\u00bb qode_css_animation=\u00bb\u00bb][vc_empty_space height=\u00bb25&#8243;][vc_column_text css=\u00bb\u00bb]<\/p>\n<h3>Normativa y requisitos legales relevantes<\/h3>\n<p>[\/vc_column_text][vc_empty_space height=\u00bb50&#8243;][vc_column_text css=\u00bb\u00bb]Para garantizar que los planes de autoprotecci\u00f3n sean operativos y homologables, trabajamos de acuerdo con:<\/p>\n<p>[vc_separator type=\u00bbnormal\u00bb\u00a0 color=\u00bb#000000&#8243; thickness=\u00bb1&#8243; up=\u00bb25&#8243; down=\u00bb15&#8243;]<\/p>\n<p><strong>\u00b7 Decreto 30\/2015<\/strong> de 3 de marzo &#8211; cat\u00e1logo de actividades y centros obligados a medidas de autoprotecci\u00f3n.<\/p>\n<p>&nbsp;<\/p>\n<p><strong>\u00b7 Decreto 82\/2010<\/strong> (derogado, pero con definiciones y criterios todav\u00eda referenciados en normativa interpretativa).<\/p>\n<p>&nbsp;<\/p>\n<p><strong>\u00b7 Art\u00edculo 5.a del Decreto 30\/2015<\/strong> (t\u00e9cnicos calificados) para asegurar que los responsables de los PAU tienen competencias y acreditaciones.<\/p>\n<p>&nbsp;<\/p>\n<p>\u00b7 Requisitos de registro y tramitaci\u00f3n en la plataforma Hermes de la Direcci\u00f3n General de Protecci\u00f3n Civil.<\/p>\n<p>[vc_separator type=\u00bbnormal\u00bb\u00a0 color=\u00bb#000000&#8243; thickness=\u00bb1&#8243; up=\u00bb15&#8243; down=\u00bb25&#8243;][\/vc_column_text][vc_empty_space height=\u00bb50&#8243;][\/vc_column][vc_column width=\u00bb1\/3&#8243;][qode_elements_holder number_of_columns=\u00bbone_column\u00bb][qode_elements_holder_item advanced_animations=\u00bbno\u00bb background_color=\u00bb#262626&#8243; item_padding=\u00bb75px 25px 75px 50px\u00bb]<div class=\"custom_font_holder \" style=\" font-style: normal; font-weight: 600; color: #FFFFFF; text-decoration: none; text-align: left; --qode-cf-font-size: 20px; --qode-cf-line-height: 26px; --qode-cf-font-size-1440: 20px; --qode-cf-line-height-1440: 26px; --qode-cf-font-size-1366: 20px; --qode-cf-line-height-1366: 26px; --qode-cf-font-size-1280: 20px; --qode-cf-line-height-1280: 26px; --qode-cf-font-size-1024: 20px; --qode-cf-line-height-1024: 26px; --qode-cf-font-size-768: 20px; --qode-cf-line-height-768: 26px; --qode-cf-font-size-680: 20px; --qode-cf-line-height-680: 26px; --qode-cf-font-size-480: 20px; --qode-cf-line-height-480: 26px;\"><strong>\u00bfQuieres garantizar seguridad, cumplimiento legal y tranquilidad?<\/strong><br data-start=\"3700\" data-end=\"3703\" \/><strong data-start=\"3703\" data-end=\"3722\">Cont\u00e1ctanos ahora<\/strong> y elaboramos tu PAU personalizado con el m\u00e1ximo rigor y.<\/div>[vc_empty_space height=\u00bb75&#8243;]<a  itemprop=\"url\" href=\"\/es\/contacto\" target=\"_self\" data-hover-background-color=\"#1A1A1A\" data-hover-border-color=\"#1A1A1A\" data-hover-color=\"#FFFFFF\" class=\"qbutton  default\" style=\"color: #1A1A1A; border-color: #FFFFFF; background-color:#FFFFFF;\">CONT\u00c1CTANOS<\/a>[\/qode_elements_holder_item][\/qode_elements_holder][vc_empty_space height=\u00bb50&#8243;][\/vc_column][\/vc_row]<\/p>\n<\/div>","protected":false},"excerpt":{"rendered":"<p>[vc_row css_animation=\u00bb\u00bb row_type=\u00bbrow\u00bb use_row_as_full_screen_section=\u00bbno\u00bb type=\u00bbfull_width\u00bb angled_section=\u00bbno\u00bb text_align=\u00bbleft\u00bb background_image_as_pattern=\u00bbwithout_pattern\u00bb z_index=\u00bb\u00bb padding_bottom=\u00bb50&#8243;][vc_column][vc_single_image image=\u00bb16593&#8243; img_size=\u00bbfull\u00bb alignment=\u00bbcenter\u00bb css=\u00bb\u00bb qode_css_animation=\u00bb\u00bb][\/vc_column][\/vc_row][vc_row css_animation=\u00bb\u00bb row_type=\u00bbrow\u00bb use_row_as_full_screen_section=\u00bbno\u00bb type=\u00bbgrid\u00bb angled_section=\u00bbno\u00bb text_align=\u00bbleft\u00bb background_image_as_pattern=\u00bbwithout_pattern\u00bb padding_bottom=\u00bb75&#8243; z_index=\u00bb\u00bb css=\u00bb.vc_custom_1758873102283{margin-top: -20px !important;padding-top: -20px !important;background-color: #ffffff !important;}\u00bb][vc_column css=\u00bb.vc_custom_1758194804783{padding-right: 10% !important;}\u00bb][vc_column_text css=\u00bb\u00bb] PLANES DE AUTOPROTECCI\u00d3N (PAU), EMERGENCIAS Y PROTECCI\u00d3N CIVIL [\/vc_column_text][vc_empty_space height=\u00bb10&#8243;][vc_column_text&#8230;<\/p>\n","protected":false},"author":1,"featured_media":0,"parent":16810,"menu_order":0,"comment_status":"closed","ping_status":"closed","template":"full_width.php","meta":{"footnotes":""},"class_list":["post-16828","page","type-page","status-publish","hentry"],"_links":{"self":[{"href":"https:\/\/www.consultoriatt.com\/es\/wp-json\/wp\/v2\/pages\/16828","targetHints":{"allow":["GET"]}}],"collection":[{"href":"https:\/\/www.consultoriatt.com\/es\/wp-json\/wp\/v2\/pages"}],"about":[{"href":"https:\/\/www.consultoriatt.com\/es\/wp-json\/wp\/v2\/types\/page"}],"author":[{"embeddable":true,"href":"https:\/\/www.consultoriatt.com\/es\/wp-json\/wp\/v2\/users\/1"}],"replies":[{"embeddable":true,"href":"https:\/\/www.consultoriatt.com\/es\/wp-json\/wp\/v2\/comments?post=16828"}],"version-history":[{"count":4,"href":"https:\/\/www.consultoriatt.com\/es\/wp-json\/wp\/v2\/pages\/16828\/revisions"}],"predecessor-version":[{"id":16832,"href":"https:\/\/www.consultoriatt.com\/es\/wp-json\/wp\/v2\/pages\/16828\/revisions\/16832"}],"up":[{"embeddable":true,"href":"https:\/\/www.consultoriatt.com\/es\/wp-json\/wp\/v2\/pages\/16810"}],"wp:attachment":[{"href":"https:\/\/www.consultoriatt.com\/es\/wp-json\/wp\/v2\/media?parent=16828"}],"curies":[{"name":"wp","href":"https:\/\/api.w.org\/{rel}","templated":true}]}}