{"id":16840,"date":"2025-12-23T07:19:10","date_gmt":"2025-12-23T07:19:10","guid":{"rendered":"https:\/\/www.consultoriatt.com\/?page_id=16840"},"modified":"2025-12-31T12:55:50","modified_gmt":"2025-12-31T12:55:50","slug":"prevencion-de-riesgos-laborales","status":"publish","type":"page","link":"https:\/\/www.consultoriatt.com\/es\/servicios\/prevencion-de-riesgos-laborales\/","title":{"rendered":"PREVENCI\u00d3N DE RIESGOS LABORALES"},"content":{"rendered":"<div class=\"wpb-content-wrapper\"><p>[vc_row css_animation=\u00bb\u00bb row_type=\u00bbrow\u00bb use_row_as_full_screen_section=\u00bbno\u00bb type=\u00bbfull_width\u00bb angled_section=\u00bbno\u00bb text_align=\u00bbleft\u00bb background_image_as_pattern=\u00bbwithout_pattern\u00bb z_index=\u00bb\u00bb padding_bottom=\u00bb50&#8243;][vc_column][vc_single_image image=\u00bb16603&#8243; img_size=\u00bbfull\u00bb alignment=\u00bbcenter\u00bb css=\u00bb\u00bb qode_css_animation=\u00bb\u00bb][\/vc_column][\/vc_row][vc_row css_animation=\u00bb\u00bb row_type=\u00bbrow\u00bb use_row_as_full_screen_section=\u00bbno\u00bb type=\u00bbgrid\u00bb angled_section=\u00bbno\u00bb text_align=\u00bbleft\u00bb background_image_as_pattern=\u00bbwithout_pattern\u00bb padding_bottom=\u00bb75&#8243; z_index=\u00bb\u00bb css=\u00bb.vc_custom_1758873102283{margin-top: -20px !important;padding-top: -20px !important;background-color: #ffffff !important;}\u00bb][vc_column css=\u00bb.vc_custom_1758194804783{padding-right: 10% !important;}\u00bb][vc_column_text css=\u00bb\u00bb]<\/p>\n<h1>PREVENCI\u00d3N DE RIESGOS LABORALES, DIAGNOSIS LEGAL Y AUDITOR\u00cdAS PRL<\/h1>\n<p>[\/vc_column_text][vc_empty_space height=\u00bb10&#8243;][vc_column_text css=\u00bb\u00bb]<\/p>\n<h2>Garantiza una pol\u00edtica preventiva integral, detecci\u00f3n de riesgos y una implantaci\u00f3n adaptada a tu entorno productivo<\/h2>\n<p>[\/vc_column_text][vc_empty_space height=\u00bb20&#8243;][vc_column_text css=\u00bb\u00bb]<a href=\"\/es\">INICIO<\/a> \/\/ <a href=\"\/es\/servicios\">SERVICIOS<\/a> \/\/ PREVENCI\u00d3N DE RIESGOS LABORALES[\/vc_column_text][vc_separator type=\u00bbsmall\u00bb position=\u00bbleft\u00bb color=\u00bb#A51226&#8243; thickness=\u00bb4&#8243; width=\u00bb48&#8243; up=\u00bb20&#8243;][vc_row_inner row_type=\u00bbrow\u00bb type=\u00bbfull_width\u00bb text_align=\u00bbleft\u00bb css_animation=\u00bb\u00bb][vc_column_inner offset=\u00bbvc_hidden-xs\u00bb]<div class=\"custom_font_holder \" style=\" font-style: italic; font-weight: 400; color: #4D4D4D; text-decoration: none; text-align: left; --qode-cf-font-size: 20px; --qode-cf-line-height: 26px; --qode-cf-font-size-1440: 20px; --qode-cf-line-height-1440: 26px; --qode-cf-font-size-1366: 20px; --qode-cf-line-height-1366: 26px; --qode-cf-font-size-1280: 20px; --qode-cf-line-height-1280: 26px; --qode-cf-font-size-1024: 20px; --qode-cf-line-height-1024: 26px; --qode-cf-font-size-768: 20px; --qode-cf-line-height-768: 26px; --qode-cf-font-size-680: 20px; --qode-cf-line-height-680: 26px; --qode-cf-font-size-480: 20px; --qode-cf-line-height-480: 26px;\">La normativa exige hoy un riguroso control preventivo en cada empresa. Con nuestra consultor\u00eda, garantizas una pol\u00edtica preventiva integral, detecci\u00f3n de riesgos y una implantaci\u00f3n adaptada a tu entorno productivo. Contamos con t\u00e9cnicos acreditados y amplia experiencia en prevenci\u00f3n de riesgos laborales y normativa aplicada, capaces de ofrecer soluciones integradas y adaptadas a cada empresa. Nuestro enfoque es pr\u00e1ctico y orientado a resultados reales y mensurables: actuamos directamente en el terreno, adaptamos la prevenci\u00f3n a tus procesos productivos y maximizamos la seguridad, la eficiencia y el cumplimiento legal.<\/div>[\/vc_column_inner][\/vc_row_inner][vc_row_inner row_type=\u00bbrow\u00bb type=\u00bbfull_width\u00bb text_align=\u00bbleft\u00bb css_animation=\u00bb\u00bb][vc_column_inner offset=\u00bbvc_hidden-lg vc_hidden-md vc_hidden-sm\u00bb]<div class=\"custom_font_holder \" style=\" font-style: italic; font-weight: 400; color: #4D4D4D; text-decoration: none; text-align: left; --qode-cf-font-size: 15px; --qode-cf-line-height: 16px; --qode-cf-font-size-1440: 15px; --qode-cf-line-height-1440: 16px; --qode-cf-font-size-1366: 15px; --qode-cf-line-height-1366: 16px; --qode-cf-font-size-1280: 15px; --qode-cf-line-height-1280: 16px; --qode-cf-font-size-1024: 15px; --qode-cf-line-height-1024: 16px; --qode-cf-font-size-768: 15px; --qode-cf-line-height-768: 16px; --qode-cf-font-size-680: 15px; --qode-cf-line-height-680: 16px; --qode-cf-font-size-480: 15px; --qode-cf-line-height-480: 16px;\">La normativa exige hoy un riguroso control preventivo en cada empresa. Con nuestra consultor\u00eda, garantizas una pol\u00edtica preventiva integral, detecci\u00f3n de riesgos y una implantaci\u00f3n adaptada a tu entorno productivo. Contamos con t\u00e9cnicos acreditados y amplia experiencia en prevenci\u00f3n de riesgos laborales y normativa aplicada, capaces de ofrecer soluciones integradas y adaptadas a cada empresa. Nuestro enfoque es pr\u00e1ctico y orientado a resultados reales y mensurables: actuamos directamente en el terreno, adaptamos la prevenci\u00f3n a tus procesos productivos y maximizamos la seguridad, la eficiencia y el cumplimiento legal.<\/div>[\/vc_column_inner][\/vc_row_inner][\/vc_column][\/vc_row][vc_row css_animation=\u00bb\u00bb row_type=\u00bbrow\u00bb use_row_as_full_screen_section=\u00bbno\u00bb type=\u00bbgrid\u00bb angled_section=\u00bbno\u00bb text_align=\u00bbleft\u00bb background_image_as_pattern=\u00bbwithout_pattern\u00bb z_index=\u00bb\u00bb padding_bottom=\u00bb25&#8243;][vc_column width=\u00bb1\/3&#8243;][vc_separator type=\u00bbnormal\u00bb color=\u00bb#A51226&#8243; thickness=\u00bb10&#8243; up=\u00bb0&#8243; down=\u00bb0&#8243;][vc_single_image image=\u00bb16605&#8243; img_size=\u00bbfull\u00bb css=\u00bb\u00bb qode_css_animation=\u00bb\u00bb][vc_empty_space height=\u00bb25&#8243;][vc_column_text css=\u00bb\u00bb]<\/p>\n<h3>Diagn\u00f3stico e implementaci\u00f3n de la pol\u00edtica preventiva<\/h3>\n<p>[\/vc_column_text][vc_empty_space height=\u00bb25&#8243;][vc_column_text css=\u00bb\u00bb]La <strong>Ley 31\/1995 de Prevenci\u00f3n de Riesgos Laborales<\/strong> y su reforma por medio de la <strong>Ley 54\/2003<\/strong> establecen la obligaci\u00f3n empresarial de garantizar la seguridad y salud de los trabajadores.<\/p>\n<p>&nbsp;<\/p>\n<p>Disponemos de t\u00e9cnicos calificados seg\u00fan el <strong>Real Decreto 39\/1997<\/strong> sobre servicios de prevenci\u00f3n para que desarrollen pol\u00edticas adecuadas, objetivos claros, indicadores y sistemas de gesti\u00f3n de la prevenci\u00f3n integrados en la empresa.[\/vc_column_text][vc_empty_space height=\u00bb50&#8243;][\/vc_column][vc_column width=\u00bb1\/3&#8243;][vc_separator type=\u00bbnormal\u00bb color=\u00bb#A51226&#8243; thickness=\u00bb10&#8243; up=\u00bb0&#8243; down=\u00bb0&#8243;][vc_single_image image=\u00bb16607&#8243; img_size=\u00bbfull\u00bb css=\u00bb\u00bb qode_css_animation=\u00bb\u00bb][vc_empty_space height=\u00bb25&#8243;][vc_column_text css=\u00bb\u00bb]<\/p>\n<h3>Formaci\u00f3n especializada en prevenci\u00f3n<\/h3>\n<p>[\/vc_column_text][vc_empty_space height=\u00bb25&#8243;][vc_column_text css=\u00bb\u00bb]El art\u00edculo 19 de la Ley 31\/1995 establece que los trabajadores deben recibir formaci\u00f3n te\u00f3rica y pr\u00e1ctica adecuada, tanto en el momento de incorporaci\u00f3n como en cambios de puesto, entorno o equipos.<\/p>\n<p>&nbsp;<\/p>\n<p>Organizamos cursos personalizados -in situ, con temario adaptado y sin calendario preestablecido- seg\u00fan las necesidades reales de la empresa.[\/vc_column_text][vc_empty_space height=\u00bb50&#8243;][\/vc_column][vc_column width=\u00bb1\/3&#8243;][qode_elements_holder number_of_columns=\u00bbone_column\u00bb][qode_elements_holder_item advanced_animations=\u00bbno\u00bb background_color=\u00bb#A51226&#8243; item_padding=\u00bb75px 25px 75px 50px\u00bb]<div class=\"custom_font_holder \" style=\" font-style: normal; font-weight: 600; color: #FFFFFF; text-decoration: none; text-align: left; --qode-cf-font-size: 20px; --qode-cf-line-height: 26px; --qode-cf-font-size-1440: 20px; --qode-cf-line-height-1440: 26px; --qode-cf-font-size-1366: 20px; --qode-cf-line-height-1366: 26px; --qode-cf-font-size-1280: 20px; --qode-cf-line-height-1280: 26px; --qode-cf-font-size-1024: 20px; --qode-cf-line-height-1024: 26px; --qode-cf-font-size-768: 20px; --qode-cf-line-height-768: 26px; --qode-cf-font-size-680: 20px; --qode-cf-line-height-680: 26px; --qode-cf-font-size-480: 20px; --qode-cf-line-height-480: 26px;\">\u00bfQuieres garantizar seguridad laboral, cumplimiento normativo y rentabilidad? Cont\u00e1ctanos ahora e implementa un sistema preventivo que proteja a tu equipo y tu empresa.<\/div>[vc_empty_space height=\u00bb75&#8243;]<a  itemprop=\"url\" href=\"\/es\/contacto\" target=\"_self\" data-hover-background-color=\"#1A1A1A\" data-hover-border-color=\"#1A1A1A\" data-hover-color=\"#FFFFFF\" class=\"qbutton  default\" style=\"color: #1A1A1A; border-color: #FFFFFF; background-color:#FFFFFF;\">CONT\u00c1CTANOS<\/a>[\/qode_elements_holder_item][\/qode_elements_holder][vc_empty_space height=\u00bb50&#8243;][\/vc_column][\/vc_row][vc_row css_animation=\u00bb\u00bb row_type=\u00bbrow\u00bb use_row_as_full_screen_section=\u00bbno\u00bb type=\u00bbgrid\u00bb angled_section=\u00bbno\u00bb text_align=\u00bbleft\u00bb background_image_as_pattern=\u00bbwithout_pattern\u00bb z_index=\u00bb\u00bb padding_bottom=\u00bb25&#8243;][vc_column width=\u00bb1\/3&#8243;][vc_separator type=\u00bbnormal\u00bb color=\u00bb#A51226&#8243; thickness=\u00bb10&#8243; up=\u00bb0&#8243; down=\u00bb0&#8243;][vc_empty_space height=\u00bb25&#8243;][vc_column_text css=\u00bb\u00bb]<\/p>\n<h3>Fiscalizaci\u00f3n y diagnosis de cumplimiento legal<\/h3>\n<p>[\/vc_column_text][vc_empty_space height=\u00bb25&#8243;][vc_column_text css=\u00bb\u00bb]La compleja normativa actual exige herramientas de control que muestren el estado real de la prevenci\u00f3n en la empresa.<\/p>\n<p>&nbsp;<\/p>\n<p>Ofrecemos auditor\u00edas internas, definici\u00f3n de procedimientos y disposiciones internas de seguridad, an\u00e1lisis de equipos, sitios y entornos de trabajo seg\u00fan los sistemas de gesti\u00f3n de la prevenci\u00f3n.[\/vc_column_text][vc_empty_space height=\u00bb50&#8243;][\/vc_column][vc_column width=\u00bb1\/3&#8243;][vc_separator type=\u00bbnormal\u00bb color=\u00bb#A51226&#8243; thickness=\u00bb10&#8243; up=\u00bb0&#8243; down=\u00bb0&#8243;][vc_empty_space height=\u00bb25&#8243;][vc_column_text css=\u00bb\u00bb]<\/p>\n<h3>Medidas t\u00e9cnicas y detecci\u00f3n de riesgos espec\u00edficos<\/h3>\n<p>[\/vc_column_text][vc_empty_space height=\u00bb25&#8243;][vc_column_text css=\u00bb\u00bb][vc_separator type=\u00bbnormal\u00bb\u00a0 color=\u00bb#000000&#8243; thickness=\u00bb1&#8243; up=\u00bb25&#8243; down=\u00bb15&#8243;]<\/p>\n<p>\u00b7 Mediciones de polvo respirables (s\u00edlice cristalina, etc.).<\/p>\n<p>\u00b7 Estudios de ruido, iluminaci\u00f3n m\u00ednima, condiciones ergon\u00f3micas.<\/p>\n<p>\u00b7 Evaluaci\u00f3n de condiciones higi\u00e9nicas y sanitarias para garantizar espacios de trabajo seguros. Nos adaptamos a equipos de trabajo diversos y proponemos las mejores medidas t\u00e9cnicas por la empresa.<\/p>\n<p>[vc_separator type=\u00bbnormal\u00bb\u00a0 color=\u00bb#000000&#8243; thickness=\u00bb1&#8243; up=\u00bb15&#8243; down=\u00bb25&#8243;][\/vc_column_text][vc_empty_space height=\u00bb50&#8243;][\/vc_column][vc_column width=\u00bb1\/3&#8243;][vc_separator type=\u00bbnormal\u00bb color=\u00bb#A51226&#8243; thickness=\u00bb10&#8243; up=\u00bb0&#8243; down=\u00bb0&#8243;][vc_single_image image=\u00bb16609&#8243; img_size=\u00bbfull\u00bb css=\u00bb\u00bb qode_css_animation=\u00bb\u00bb][vc_empty_space height=\u00bb50&#8243;][\/vc_column][\/vc_row][vc_row css_animation=\u00bb\u00bb row_type=\u00bbrow\u00bb use_row_as_full_screen_section=\u00bbno\u00bb type=\u00bbgrid\u00bb angled_section=\u00bbno\u00bb text_align=\u00bbleft\u00bb background_image_as_pattern=\u00bbwithout_pattern\u00bb z_index=\u00bb\u00bb padding_bottom=\u00bb50&#8243;][vc_column][vc_separator type=\u00bbnormal\u00bb color=\u00bb#A51226&#8243; thickness=\u00bb10&#8243; up=\u00bb0&#8243; down=\u00bb0&#8243;][vc_empty_space height=\u00bb25&#8243;][vc_column_text css=\u00bb\u00bb]<\/p>\n<h3>Resumen de nuestros servicios de prevenci\u00f3n de riesgos laborales<\/h3>\n<p>[\/vc_column_text][vc_empty_space height=\u00bb25&#8243;][vc_column_text css=\u00bb\u00bb]Contacta con nosotros y cu\u00e9ntanos c\u00f3mo es tu negocio y te asesoraremos.[\/vc_column_text][vc_empty_space height=\u00bb50&#8243;][vc_row_inner row_type=\u00bbrow\u00bb type=\u00bbfull_width\u00bb text_align=\u00bbleft\u00bb css_animation=\u00bb\u00bb][vc_column_inner width=\u00bb1\/3&#8243;][vc_column_text css=\u00bb\u00bb]<\/p>\n<h4>Medidas de polvo respirable<\/h4>\n<p>Comprobaci\u00f3n in situ de los contaminantes pulv\u00edgentes respirables presentes en el puesto de trabajo para evaluar exposiciones y riesgos.<\/p>\n<p>&nbsp;<\/p>\n<h4>Definici\u00f3n de la pol\u00edtica preventiva m\u00e1s adecuada<\/h4>\n<p>Definimos objetivos, indicadores y pol\u00edticas preventivas espec\u00edficas, integrando la seguridad dentro de los procesos productivos.<\/p>\n<p>&nbsp;<\/p>\n<h4>Preparaci\u00f3n de procedimientos de trabajo<\/h4>\n<p>Redacci\u00f3n de pautas de trabajo seguras para cada tarea, orientadas a reducir riesgos e incrementar la eficiencia operativa.<\/p>\n<p>&nbsp;<\/p>\n<h4>Medidas de ruido<\/h4>\n<p>Medici\u00f3n de los niveles de presi\u00f3n ac\u00fastica para la identificaci\u00f3n de necesidades de mejora en controles de ruido y protecci\u00f3n auditiva.[\/vc_column_text][vc_empty_space height=\u00bb25&#8243;][\/vc_column_inner][vc_column_inner width=\u00bb1\/3&#8243;][vc_column_text css=\u00bb\u00bb]<\/p>\n<h4>Medidas de iluminaci\u00f3n m\u00ednima en puestos de trabajo<\/h4>\n<p>Estudio y ajuste de los niveles de iluminaci\u00f3n para que los espacios cumplan con los requisitos de seguridad y ergonom\u00eda.<\/p>\n<p>&nbsp;<\/p>\n<h4>Formaci\u00f3n espec\u00edfica en equipos de trabajo<\/h4>\n<p>Adiestramiento de los trabajadores sobre nuevas condiciones de trabajo, riesgos asociados y uso correcto de equipos y EPI.<\/p>\n<p>&nbsp;<\/p>\n<h4>Evaluaci\u00f3n de las condiciones de trabajo<\/h4>\n<p>An\u00e1lisis de puestos y procesos de trabajo para identificar oportunidades de mejora con las mejores t\u00e9cnicas disponibles.<\/p>\n<p>&nbsp;<\/p>\n<h4>Definici\u00f3n de medidas higi\u00e9nicas y sanitarias<\/h4>\n<p>Propuesta de mejoras para garantizar espacios saludables y libres de contaminantes ambientales o qu\u00edmicos.[\/vc_column_text][vc_empty_space height=\u00bb25&#8243;][\/vc_column_inner][vc_column_inner width=\u00bb1\/3&#8243;][vc_column_text css=\u00bb\u00bb]<\/p>\n<h4>Fiscalizaci\u00f3n de la prevenci\u00f3n<\/h4>\n<p>An\u00e1lisis del cumplimiento legal de la prevenci\u00f3n de riesgos laborales dentro de la empresa, con informes y propuestas de ajuste.<\/p>\n<p>&nbsp;<\/p>\n<h4>Implantaci\u00f3n de un sistema de gesti\u00f3n de la prevenci\u00f3n<\/h4>\n<p>Dise\u00f1o de paquetes integrados de pol\u00edtica, m\u00e9todos y pautas de trabajo para la ejecuci\u00f3n segura de las tareas.[\/vc_column_text][vc_empty_space height=\u00bb25&#8243;]<a  itemprop=\"url\" href=\"\/es\/contacto\" target=\"_self\"  class=\"qbutton  default\" style=\"\">CONT\u00c1CTANOS<\/a>[vc_empty_space height=\u00bb25&#8243;][\/vc_column_inner][\/vc_row_inner][\/vc_column][\/vc_row]<\/p>\n<\/div>","protected":false},"excerpt":{"rendered":"<p>[vc_row css_animation=\u00bb\u00bb row_type=\u00bbrow\u00bb use_row_as_full_screen_section=\u00bbno\u00bb type=\u00bbfull_width\u00bb angled_section=\u00bbno\u00bb text_align=\u00bbleft\u00bb background_image_as_pattern=\u00bbwithout_pattern\u00bb z_index=\u00bb\u00bb padding_bottom=\u00bb50&#8243;][vc_column][vc_single_image image=\u00bb16603&#8243; img_size=\u00bbfull\u00bb alignment=\u00bbcenter\u00bb css=\u00bb\u00bb qode_css_animation=\u00bb\u00bb][\/vc_column][\/vc_row][vc_row css_animation=\u00bb\u00bb row_type=\u00bbrow\u00bb use_row_as_full_screen_section=\u00bbno\u00bb type=\u00bbgrid\u00bb angled_section=\u00bbno\u00bb text_align=\u00bbleft\u00bb background_image_as_pattern=\u00bbwithout_pattern\u00bb padding_bottom=\u00bb75&#8243; z_index=\u00bb\u00bb css=\u00bb.vc_custom_1758873102283{margin-top: -20px !important;padding-top: -20px !important;background-color: #ffffff !important;}\u00bb][vc_column css=\u00bb.vc_custom_1758194804783{padding-right: 10% !important;}\u00bb][vc_column_text css=\u00bb\u00bb] PREVENCI\u00d3N DE RIESGOS LABORALES, DIAGNOSIS LEGAL Y AUDITOR\u00cdAS PRL [\/vc_column_text][vc_empty_space&#8230;<\/p>\n","protected":false},"author":1,"featured_media":0,"parent":16810,"menu_order":0,"comment_status":"closed","ping_status":"closed","template":"full_width.php","meta":{"footnotes":""},"class_list":["post-16840","page","type-page","status-publish","hentry"],"_links":{"self":[{"href":"https:\/\/www.consultoriatt.com\/es\/wp-json\/wp\/v2\/pages\/16840","targetHints":{"allow":["GET"]}}],"collection":[{"href":"https:\/\/www.consultoriatt.com\/es\/wp-json\/wp\/v2\/pages"}],"about":[{"href":"https:\/\/www.consultoriatt.com\/es\/wp-json\/wp\/v2\/types\/page"}],"author":[{"embeddable":true,"href":"https:\/\/www.consultoriatt.com\/es\/wp-json\/wp\/v2\/users\/1"}],"replies":[{"embeddable":true,"href":"https:\/\/www.consultoriatt.com\/es\/wp-json\/wp\/v2\/comments?post=16840"}],"version-history":[{"count":4,"href":"https:\/\/www.consultoriatt.com\/es\/wp-json\/wp\/v2\/pages\/16840\/revisions"}],"predecessor-version":[{"id":16844,"href":"https:\/\/www.consultoriatt.com\/es\/wp-json\/wp\/v2\/pages\/16840\/revisions\/16844"}],"up":[{"embeddable":true,"href":"https:\/\/www.consultoriatt.com\/es\/wp-json\/wp\/v2\/pages\/16810"}],"wp:attachment":[{"href":"https:\/\/www.consultoriatt.com\/es\/wp-json\/wp\/v2\/media?parent=16840"}],"curies":[{"name":"wp","href":"https:\/\/api.w.org\/{rel}","templated":true}]}}