{"id":16846,"date":"2025-12-23T07:26:13","date_gmt":"2025-12-23T07:26:13","guid":{"rendered":"https:\/\/www.consultoriatt.com\/?page_id=16846"},"modified":"2025-12-31T12:56:30","modified_gmt":"2025-12-31T12:56:30","slug":"servicios-de-formacion","status":"publish","type":"page","link":"https:\/\/www.consultoriatt.com\/es\/servicios\/servicios-de-formacion\/","title":{"rendered":"SERVICIOS DE FORMACI\u00d3N"},"content":{"rendered":"<div class=\"wpb-content-wrapper\"><p>[vc_row css_animation=\u00bb\u00bb row_type=\u00bbrow\u00bb use_row_as_full_screen_section=\u00bbno\u00bb type=\u00bbfull_width\u00bb angled_section=\u00bbno\u00bb text_align=\u00bbleft\u00bb background_image_as_pattern=\u00bbwithout_pattern\u00bb z_index=\u00bb\u00bb padding_bottom=\u00bb50&#8243;][vc_column][vc_single_image image=\u00bb16614&#8243; img_size=\u00bbfull\u00bb alignment=\u00bbcenter\u00bb css=\u00bb\u00bb qode_css_animation=\u00bb\u00bb][\/vc_column][\/vc_row][vc_row css_animation=\u00bb\u00bb row_type=\u00bbrow\u00bb use_row_as_full_screen_section=\u00bbno\u00bb type=\u00bbgrid\u00bb angled_section=\u00bbno\u00bb text_align=\u00bbleft\u00bb background_image_as_pattern=\u00bbwithout_pattern\u00bb padding_bottom=\u00bb75&#8243; z_index=\u00bb\u00bb css=\u00bb.vc_custom_1758873102283{margin-top: -20px !important;padding-top: -20px !important;background-color: #ffffff !important;}\u00bb][vc_column css=\u00bb.vc_custom_1758194804783{padding-right: 10% !important;}\u00bb][vc_column_text css=\u00bb\u00bb]<\/p>\n<h1>FORMACI\u00d3N T\u00c9CNICA EN MINERIA, EMERGENCIAS Y PREVENCI\u00d3N DE RIESGOS<\/h1>\n<p>[\/vc_column_text][vc_empty_space height=\u00bb10&#8243;][vc_column_text css=\u00bb\u00bb]<\/p>\n<h2>Formaci\u00f3n especializada para empresas y profesionales de los \u00e1mbitos minero, industrial y emergencias<\/h2>\n<p>[\/vc_column_text][vc_empty_space height=\u00bb20&#8243;][vc_column_text css=\u00bb\u00bb]<a href=\"\/es\">INICIO<\/a> \/\/ <a href=\"\/es\/servicios\">SERVICIOS<\/a> \/\/ SERVICIOS DE FORMACI\u00d3N[\/vc_column_text][vc_separator type=\u00bbsmall\u00bb position=\u00bbleft\u00bb color=\u00bb#A51226&#8243; thickness=\u00bb4&#8243; width=\u00bb48&#8243; up=\u00bb20&#8243;][vc_row_inner row_type=\u00bbrow\u00bb type=\u00bbfull_width\u00bb text_align=\u00bbleft\u00bb css_animation=\u00bb\u00bb][vc_column_inner offset=\u00bbvc_hidden-xs\u00bb]<div class=\"custom_font_holder \" style=\" font-style: italic; font-weight: 400; color: #4D4D4D; text-decoration: none; text-align: left; --qode-cf-font-size: 20px; --qode-cf-line-height: 26px; --qode-cf-font-size-1440: 20px; --qode-cf-line-height-1440: 26px; --qode-cf-font-size-1366: 20px; --qode-cf-line-height-1366: 26px; --qode-cf-font-size-1280: 20px; --qode-cf-line-height-1280: 26px; --qode-cf-font-size-1024: 20px; --qode-cf-line-height-1024: 26px; --qode-cf-font-size-768: 20px; --qode-cf-line-height-768: 26px; --qode-cf-font-size-680: 20px; --qode-cf-line-height-680: 26px; --qode-cf-font-size-480: 20px; --qode-cf-line-height-480: 26px;\">En Consultor\u00eda T\u00e9cnica Transversal ofrecemos formaci\u00f3n especializada para empresas y profesionales de los \u00e1mbitos minero, industrial y de emergencias. Nuestro objetivo es garantizar seguridad, competencia y cumplimiento normativo en todas sus actividades.<\/div>[\/vc_column_inner][\/vc_row_inner][vc_row_inner row_type=\u00bbrow\u00bb type=\u00bbfull_width\u00bb text_align=\u00bbleft\u00bb css_animation=\u00bb\u00bb][vc_column_inner offset=\u00bbvc_hidden-lg vc_hidden-md vc_hidden-sm\u00bb]<div class=\"custom_font_holder \" style=\" font-style: italic; font-weight: 400; color: #4D4D4D; text-decoration: none; text-align: left; --qode-cf-font-size: 15px; --qode-cf-line-height: 16px; --qode-cf-font-size-1440: 15px; --qode-cf-line-height-1440: 16px; --qode-cf-font-size-1366: 15px; --qode-cf-line-height-1366: 16px; --qode-cf-font-size-1280: 15px; --qode-cf-line-height-1280: 16px; --qode-cf-font-size-1024: 15px; --qode-cf-line-height-1024: 16px; --qode-cf-font-size-768: 15px; --qode-cf-line-height-768: 16px; --qode-cf-font-size-680: 15px; --qode-cf-line-height-680: 16px; --qode-cf-font-size-480: 15px; --qode-cf-line-height-480: 16px;\">En Consultor\u00eda T\u00e9cnica Transversal ofrecemos formaci\u00f3n especializada para empresas y profesionales de los \u00e1mbitos minero, industrial y de emergencias. Nuestro objetivo es garantizar seguridad, competencia y cumplimiento normativo en todas sus actividades.<\/div>[\/vc_column_inner][\/vc_row_inner][\/vc_column][\/vc_row][vc_row css_animation=\u00bb\u00bb row_type=\u00bbrow\u00bb use_row_as_full_screen_section=\u00bbno\u00bb type=\u00bbgrid\u00bb angled_section=\u00bbno\u00bb text_align=\u00bbleft\u00bb background_image_as_pattern=\u00bbwithout_pattern\u00bb z_index=\u00bb\u00bb padding_bottom=\u00bb25&#8243;][vc_column width=\u00bb1\/3&#8243;][vc_separator type=\u00bbnormal\u00bb color=\u00bb#A51226&#8243; thickness=\u00bb10&#8243; up=\u00bb0&#8243; down=\u00bb0&#8243;][vc_single_image image=\u00bb16616&#8243; img_size=\u00bbfull\u00bb css=\u00bb\u00bb qode_css_animation=\u00bb\u00bb][vc_empty_space height=\u00bb25&#8243;][vc_column_text css=\u00bb\u00bb]<\/p>\n<h3>Formaci\u00f3n en gesti\u00f3n de emergencias<\/h3>\n<p>[\/vc_column_text][vc_empty_space height=\u00bb25&#8243;][vc_column_text css=\u00bb\u00bb]Preparamos equipos de intervenci\u00f3n para actuar con eficacia frente a situaciones cr\u00edticas. Formamos personal de <strong>EPI<\/strong>, <strong>ESI<\/strong>, <strong>EPA<\/strong> y <strong>EEC<\/strong>, responsables de emergencia y mandos intermedios, seg\u00fan los protocolos del <strong>Decreto 30\/2015<\/strong> y la normativa de protecci\u00f3n civil.<\/p>\n<p>&nbsp;<\/p>\n<p>Adaptamos cada formaci\u00f3n al <strong>Plan de Autoprotecci\u00f3n (PAU)<\/strong> o plan de emergencia de la empresa, incluyendo pr\u00e1cticas, simulacros y sesiones personalizadas para garantizar una respuesta real y efectiva.[\/vc_column_text][vc_empty_space height=\u00bb75&#8243;][\/vc_column][vc_column width=\u00bb1\/3&#8243;][vc_separator type=\u00bbnormal\u00bb color=\u00bb#A51226&#8243; thickness=\u00bb10&#8243; up=\u00bb0&#8243; down=\u00bb0&#8243;][vc_single_image image=\u00bb16618&#8243; img_size=\u00bbfull\u00bb css=\u00bb\u00bb qode_css_animation=\u00bb\u00bb][vc_empty_space height=\u00bb25&#8243;][vc_column_text css=\u00bb\u00bb]<\/p>\n<h3>Formaci\u00f3n profesional y carn\u00e9s oficiales<\/h3>\n<p>[\/vc_column_text][vc_empty_space height=\u00bb25&#8243;][vc_column_text css=\u00bb\u00bb]Somos <strong>centro t\u00e9cnico formativo acreditado<\/strong> para ofrecer formaci\u00f3n seg\u00fan la <strong>ITC 02.1.02<\/strong> del Reglamento General de Normas B\u00e1sicas de Seguridad Minera.<\/p>\n<p>&nbsp;<\/p>\n<p>Ofrecemos capacitaci\u00f3n para:<\/p>\n<p>[vc_separator type=\u00bbnormal\u00bb\u00a0 color=\u00bb#000000&#8243; thickness=\u00bb1&#8243; up=\u00bb25&#8243; down=\u00bb15&#8243;]<\/p>\n<p>\u00b7 <strong>Operarios de maquinaria de transporte exterior y carga<\/strong>.<\/p>\n<p>\u00b7 <strong>Operarios de plataforma elevadora<\/strong>.<\/p>\n<p>\u00b7 <strong>Maquinistas mineros (CMMP)<\/strong> seg\u00fan las especificaciones t\u00e9cnicas ET-2000-1-08 y ET-2001-1-08.<\/p>\n<p>[vc_separator type=\u00bbnormal\u00bb\u00a0 color=\u00bb#000000&#8243; thickness=\u00bb1&#8243; up=\u00bb15&#8243; down=\u00bb25&#8243;]<\/p>\n<p>Nuestra formaci\u00f3n asegura la obtenci\u00f3n del <strong>carn\u00e9 profesional<\/strong> con todas las garant\u00edas t\u00e9cnicas y legales.[\/vc_column_text][vc_empty_space height=\u00bb75&#8243;][\/vc_column][vc_column width=\u00bb1\/3&#8243;][qode_elements_holder number_of_columns=\u00bbone_column\u00bb][qode_elements_holder_item advanced_animations=\u00bbno\u00bb background_color=\u00bb#A51226&#8243; item_padding=\u00bb75px 25px 75px 50px\u00bb]<div class=\"custom_font_holder \" style=\" font-style: normal; font-weight: 600; color: #FFFFFF; text-decoration: none; text-align: left; --qode-cf-font-size: 20px; --qode-cf-line-height: 26px; --qode-cf-font-size-1440: 20px; --qode-cf-line-height-1440: 26px; --qode-cf-font-size-1366: 20px; --qode-cf-line-height-1366: 26px; --qode-cf-font-size-1280: 20px; --qode-cf-line-height-1280: 26px; --qode-cf-font-size-1024: 20px; --qode-cf-line-height-1024: 26px; --qode-cf-font-size-768: 20px; --qode-cf-line-height-768: 26px; --qode-cf-font-size-680: 20px; --qode-cf-line-height-680: 26px; --qode-cf-font-size-480: 20px; --qode-cf-line-height-480: 26px;\"><strong>\u00bfQuieres un plan formativo a medida?<\/strong><br \/>\nContacta con nosotros y dise\u00f1aremos un programa de formaci\u00f3n adaptado a tu sector y necesidades espec\u00edficas, con la m\u00e1xima calidad t\u00e9cnica y garant\u00eda legal.<\/div>[vc_empty_space height=\u00bb75&#8243;]<a  itemprop=\"url\" href=\"\/contacte\" target=\"_self\" data-hover-background-color=\"#1A1A1A\" data-hover-border-color=\"#1A1A1A\" data-hover-color=\"#FFFFFF\" class=\"qbutton  default\" style=\"color: #1A1A1A; border-color: #FFFFFF; background-color:#FFFFFF;\">CONTACTA'NS<\/a>[\/qode_elements_holder_item][\/qode_elements_holder][vc_empty_space height=\u00bb75&#8243;][\/vc_column][\/vc_row][vc_row css_animation=\u00bb\u00bb row_type=\u00bbrow\u00bb use_row_as_full_screen_section=\u00bbno\u00bb type=\u00bbgrid\u00bb angled_section=\u00bbno\u00bb text_align=\u00bbleft\u00bb background_image_as_pattern=\u00bbwithout_pattern\u00bb z_index=\u00bb\u00bb padding_bottom=\u00bb25&#8243;][vc_column width=\u00bb1\/3&#8243;][vc_separator type=\u00bbnormal\u00bb color=\u00bb#A51226&#8243; thickness=\u00bb10&#8243; up=\u00bb0&#8243; down=\u00bb0&#8243;][vc_empty_space height=\u00bb25&#8243;][vc_column_text css=\u00bb\u00bb]<\/p>\n<h3>Prevenci\u00f3n de riesgos laborales<\/h3>\n<p>[\/vc_column_text][vc_empty_space height=\u00bb25&#8243;][vc_column_text css=\u00bb\u00bb]Actualizamos y reforzamos el conocimiento de los trabajadores sobre <strong>procedimientos<\/strong>, <strong>EPI<\/strong>, <strong>protocolos e instrucciones de trabajo<\/strong>, de acuerdo con la <strong>Ley 31\/1995<\/strong> y el <strong>RD 39\/1997<\/strong>.<\/p>\n<p>&nbsp;<\/p>\n<p>Ayudamos a las empresas a adaptarse a nuevos entornos productivos ya incorporar buenas pr\u00e1cticas de seguridad y salud laboral mediante sesiones pr\u00e1cticas, reales y adaptadas a cada perfil profesional.[\/vc_column_text][vc_empty_space height=\u00bb75&#8243;][\/vc_column][vc_column width=\u00bb1\/3&#8243;][vc_separator type=\u00bbnormal\u00bb color=\u00bb#A51226&#8243; thickness=\u00bb10&#8243; up=\u00bb0&#8243; down=\u00bb0&#8243;][vc_empty_space height=\u00bb25&#8243;][vc_column_text css=\u00bb\u00bb]<\/p>\n<h3>Formaci\u00f3n de bienvenida a nuevos trabajadores<\/h3>\n<p>[\/vc_column_text][vc_empty_space height=\u00bb25&#8243;][vc_column_text css=\u00bb\u00bb]Facilitamos la <strong>integraci\u00f3n r\u00e1pida y segura<\/strong> del personal de nueva incorporaci\u00f3n. Transmitimos de forma clara las <strong>pautas de seguridad<\/strong>, <strong>calidad<\/strong> y <strong>medio ambiente<\/strong>, as\u00ed como las exigencias espec\u00edficas del puesto de trabajo.<\/p>\n<p>&nbsp;<\/p>\n<p>Este proceso formativo mejora la eficiencia y reduce riesgos durante el per\u00edodo de adaptaci\u00f3n del nuevo empleado.[\/vc_column_text][vc_empty_space height=\u00bb75&#8243;][\/vc_column][vc_column width=\u00bb1\/3&#8243;][vc_separator type=\u00bbnormal\u00bb color=\u00bb#A51226&#8243; thickness=\u00bb10&#8243; up=\u00bb0&#8243; down=\u00bb0&#8243;][vc_single_image image=\u00bb16620&#8243; img_size=\u00bbfull\u00bb css=\u00bb\u00bb qode_css_animation=\u00bb\u00bb][vc_empty_space height=\u00bb\u00bb][\/vc_column][\/vc_row][vc_row css_animation=\u00bb\u00bb row_type=\u00bbrow\u00bb use_row_as_full_screen_section=\u00bbno\u00bb type=\u00bbgrid\u00bb angled_section=\u00bbno\u00bb text_align=\u00bbleft\u00bb background_image_as_pattern=\u00bbwithout_pattern\u00bb z_index=\u00bb\u00bb padding_bottom=\u00bb75&#8243;][vc_column][vc_separator type=\u00bbnormal\u00bb color=\u00bb#A51226&#8243; thickness=\u00bb10&#8243; up=\u00bb0&#8243; down=\u00bb0&#8243;][vc_empty_space height=\u00bb25&#8243;][vc_column_text css=\u00bb\u00bb]<\/p>\n<h3>Resumen de nuestros servicios de formaci\u00f3n<\/h3>\n<p>[\/vc_column_text][vc_empty_space height=\u00bb25&#8243;][vc_column_text css=\u00bb\u00bb]En Consultor\u00eda T\u00e9cnica Transversal ofrecemos una amplia gama de <strong>formaci\u00f3n t\u00e9cnica<\/strong> y <strong>pr\u00e1ctica<\/strong>, adaptada a cada empresa y sector:[\/vc_column_text][vc_empty_space height=\u00bb50&#8243;][vc_row_inner row_type=\u00bbrow\u00bb type=\u00bbfull_width\u00bb text_align=\u00bbleft\u00bb css_animation=\u00bb\u00bb][vc_column_inner width=\u00bb1\/3&#8243;][vc_column_text css=\u00bb\u00bb]<\/p>\n<h4>Formaci\u00f3n en emergencias y autoprotecci\u00f3n<\/h4>\n<p>Preparaci\u00f3n de equipos EPI, ESI, EPA y EEC, responsables de emergencia y mandos, con pr\u00e1cticas reales y simulacros seg\u00fan Decreto 30\/2015.<\/p>\n<p>&nbsp;<\/p>\n<h4>Formaci\u00f3n de bienvenida y acogida<\/h4>\n<p>Introducci\u00f3n a las normas de seguridad, medio ambiente y calidad para personal de nueva incorporaci\u00f3n.<\/p>\n<p>&nbsp;<\/p>\n<h4>Cursos de prevenci\u00f3n de riesgos laborales<\/h4>\n<p>Actualizaci\u00f3n de conocimientos en seguridad y salud laboral seg\u00fan la Ley 31\/1995 y el RD 39\/1997.[\/vc_column_text][vc_empty_space height=\u00bb25&#8243;][\/vc_column_inner][vc_column_inner width=\u00bb1\/3&#8243;][vc_column_text css=\u00bb\u00bb]<\/p>\n<h4>Capacitaci\u00f3n para maquinistas mineros<\/h4>\n<p>Cursos homologados para obtener el <strong>Carnet de Maquinista Minero Profesional (CMMP)<\/strong>, con formaci\u00f3n seg\u00fan la ITC 02.1.02 y normas ET-2000-1-08 y ET-2001-1-08.<\/p>\n<p>&nbsp;<\/p>\n<h4>Formaci\u00f3n de operadores de maquinaria y equipos<\/h4>\n<p>Plataformas elevadoras, equipos de transporte y carga, maquinaria industrial y equipos espec\u00edficos del sector minero.<\/p>\n<p>&nbsp;<\/p>\n<h4>Sesiones de actualizaci\u00f3n por comandos y t\u00e9cnicos<\/h4>\n<p>Refuerzo de los conocimientos normativos y t\u00e9cnicos por responsables de seguridad, jefes de turno y responsables de producci\u00f3n.[\/vc_column_text][vc_empty_space height=\u00bb25&#8243;][\/vc_column_inner][vc_column_inner width=\u00bb1\/3&#8243;][vc_column_text css=\u00bb\u00bb]<\/p>\n<h4>Formaci\u00f3n pr\u00e1ctica in company<\/h4>\n<p>Programas adaptados al puesto de trabajo real, con ejercicios y simulaciones sobre riesgos espec\u00edficos y correcto uso de los EPI.<\/p>\n<p>&nbsp;<\/p>\n<h4>Cursos sobre buenas pr\u00e1cticas ambientales y sostenibilidad<\/h4>\n<p>Sensibilizaci\u00f3n y procedimientos para reducir impactos ambientales en la actividad industrial.[\/vc_column_text][vc_empty_space height=\u00bb50&#8243;]<a  itemprop=\"url\" href=\"\/es\/contacto\" target=\"_self\"  class=\"qbutton  default\" style=\"\">CONT\u00c1CTANOS<\/a>[vc_empty_space height=\u00bb25&#8243;][\/vc_column_inner][\/vc_row_inner][\/vc_column][\/vc_row]<\/p>\n<\/div>","protected":false},"excerpt":{"rendered":"<p>[vc_row css_animation=\u00bb\u00bb row_type=\u00bbrow\u00bb use_row_as_full_screen_section=\u00bbno\u00bb type=\u00bbfull_width\u00bb angled_section=\u00bbno\u00bb text_align=\u00bbleft\u00bb background_image_as_pattern=\u00bbwithout_pattern\u00bb z_index=\u00bb\u00bb padding_bottom=\u00bb50&#8243;][vc_column][vc_single_image image=\u00bb16614&#8243; img_size=\u00bbfull\u00bb alignment=\u00bbcenter\u00bb css=\u00bb\u00bb qode_css_animation=\u00bb\u00bb][\/vc_column][\/vc_row][vc_row css_animation=\u00bb\u00bb row_type=\u00bbrow\u00bb use_row_as_full_screen_section=\u00bbno\u00bb type=\u00bbgrid\u00bb angled_section=\u00bbno\u00bb text_align=\u00bbleft\u00bb background_image_as_pattern=\u00bbwithout_pattern\u00bb padding_bottom=\u00bb75&#8243; z_index=\u00bb\u00bb css=\u00bb.vc_custom_1758873102283{margin-top: -20px !important;padding-top: -20px !important;background-color: #ffffff !important;}\u00bb][vc_column css=\u00bb.vc_custom_1758194804783{padding-right: 10% !important;}\u00bb][vc_column_text css=\u00bb\u00bb] FORMACI\u00d3N T\u00c9CNICA EN MINERIA, EMERGENCIAS Y PREVENCI\u00d3N DE RIESGOS [\/vc_column_text][vc_empty_space&#8230;<\/p>\n","protected":false},"author":1,"featured_media":0,"parent":16810,"menu_order":0,"comment_status":"closed","ping_status":"closed","template":"full_width.php","meta":{"footnotes":""},"class_list":["post-16846","page","type-page","status-publish","hentry"],"_links":{"self":[{"href":"https:\/\/www.consultoriatt.com\/es\/wp-json\/wp\/v2\/pages\/16846","targetHints":{"allow":["GET"]}}],"collection":[{"href":"https:\/\/www.consultoriatt.com\/es\/wp-json\/wp\/v2\/pages"}],"about":[{"href":"https:\/\/www.consultoriatt.com\/es\/wp-json\/wp\/v2\/types\/page"}],"author":[{"embeddable":true,"href":"https:\/\/www.consultoriatt.com\/es\/wp-json\/wp\/v2\/users\/1"}],"replies":[{"embeddable":true,"href":"https:\/\/www.consultoriatt.com\/es\/wp-json\/wp\/v2\/comments?post=16846"}],"version-history":[{"count":4,"href":"https:\/\/www.consultoriatt.com\/es\/wp-json\/wp\/v2\/pages\/16846\/revisions"}],"predecessor-version":[{"id":16850,"href":"https:\/\/www.consultoriatt.com\/es\/wp-json\/wp\/v2\/pages\/16846\/revisions\/16850"}],"up":[{"embeddable":true,"href":"https:\/\/www.consultoriatt.com\/es\/wp-json\/wp\/v2\/pages\/16810"}],"wp:attachment":[{"href":"https:\/\/www.consultoriatt.com\/es\/wp-json\/wp\/v2\/media?parent=16846"}],"curies":[{"name":"wp","href":"https:\/\/api.w.org\/{rel}","templated":true}]}}