{"id":16859,"date":"2025-12-23T07:42:04","date_gmt":"2025-12-23T07:42:04","guid":{"rendered":"https:\/\/www.consultoriatt.com\/?page_id=16859"},"modified":"2025-12-31T12:53:12","modified_gmt":"2025-12-31T12:53:12","slug":"proyectos","status":"publish","type":"page","link":"https:\/\/www.consultoriatt.com\/es\/proyectos\/","title":{"rendered":"PROYECTOS"},"content":{"rendered":"<div class=\"wpb-content-wrapper\"><p>[vc_row css_animation=\u00bb\u00bb row_type=\u00bbrow\u00bb use_row_as_full_screen_section=\u00bbno\u00bb type=\u00bbfull_width\u00bb angled_section=\u00bbno\u00bb text_align=\u00bbleft\u00bb background_image_as_pattern=\u00bbwithout_pattern\u00bb z_index=\u00bb\u00bb padding_bottom=\u00bb50&#8243;][vc_column][vc_single_image image=\u00bb16639&#8243; img_size=\u00bbfull\u00bb alignment=\u00bbcenter\u00bb css=\u00bb\u00bb qode_css_animation=\u00bb\u00bb][\/vc_column][\/vc_row][vc_row css_animation=\u00bb\u00bb row_type=\u00bbrow\u00bb use_row_as_full_screen_section=\u00bbno\u00bb type=\u00bbgrid\u00bb angled_section=\u00bbno\u00bb text_align=\u00bbleft\u00bb background_image_as_pattern=\u00bbwithout_pattern\u00bb padding_bottom=\u00bb75&#8243; z_index=\u00bb\u00bb css=\u00bb.vc_custom_1758873102283{margin-top: -20px !important;padding-top: -20px !important;background-color: #ffffff !important;}\u00bb][vc_column css=\u00bb.vc_custom_1758194804783{padding-right: 10% !important;}\u00bb][vc_column_text css=\u00bb\u00bb]<\/p>\n<h1>PROYECTOS<\/h1>\n<p>[\/vc_column_text][vc_empty_space height=\u00bb10&#8243;][vc_column_text css=\u00bb\u00bb]<\/p>\n<h2>Ingenier\u00eda minera, emergencias, PRL, legalizaci\u00f3n de actividades&#8230;<\/h2>\n<p>[\/vc_column_text][vc_empty_space height=\u00bb20&#8243;][vc_column_text css=\u00bb\u00bb]<a href=\"\/es\">INICIO<\/a> \/\/ PROYECTOS[\/vc_column_text][vc_separator type=\u00bbsmall\u00bb position=\u00bbleft\u00bb color=\u00bb#A51226&#8243; thickness=\u00bb4&#8243; width=\u00bb48&#8243; up=\u00bb20&#8243;][vc_row_inner row_type=\u00bbrow\u00bb type=\u00bbfull_width\u00bb text_align=\u00bbleft\u00bb css_animation=\u00bb\u00bb][vc_column_inner offset=\u00bbvc_hidden-xs\u00bb]<div class=\"custom_font_holder \" style=\" font-style: italic; font-weight: 400; color: #4D4D4D; text-decoration: none; text-align: left; --qode-cf-font-size: 20px; --qode-cf-line-height: 26px; --qode-cf-font-size-1440: 20px; --qode-cf-line-height-1440: 26px; --qode-cf-font-size-1366: 20px; --qode-cf-line-height-1366: 26px; --qode-cf-font-size-1280: 20px; --qode-cf-line-height-1280: 26px; --qode-cf-font-size-1024: 20px; --qode-cf-line-height-1024: 26px; --qode-cf-font-size-768: 20px; --qode-cf-line-height-768: 26px; --qode-cf-font-size-680: 20px; --qode-cf-line-height-680: 26px; --qode-cf-font-size-480: 20px; --qode-cf-line-height-480: 26px;\">En Consultor\u00eda T\u00e9cnica Transversal desarrollamos proyectos t\u00e9cnicos especializados para empresas, administraciones y profesionales de diversos sectores. A trav\u00e9s de esta secci\u00f3n presentamos una muestra representativa de los proyectos realizados, incluyendo servicios de legalizaci\u00f3n de actividades, prevenci\u00f3n de riesgos laborales, gesti\u00f3n de la emergencia y Planes de Autoprotecci\u00f3n, proyectos mineros, estudios ambientales, topograf\u00eda, valoraciones t\u00e9cnicas y asesoramiento normativo. Cada proyecto se basa en un enfoque pr\u00e1ctico, riguroso y alineado con la legislaci\u00f3n vigente, aportando soluciones eficientes y adaptadas a cada realidad. Esta experiencia nos permite garantizar resultados fiables, seguros y orientados al \u00e9xito de nuestros clientes.<\/div>[\/vc_column_inner][\/vc_row_inner][vc_row_inner row_type=\u00bbrow\u00bb type=\u00bbfull_width\u00bb text_align=\u00bbleft\u00bb css_animation=\u00bb\u00bb][vc_column_inner offset=\u00bbvc_hidden-lg vc_hidden-md vc_hidden-sm\u00bb]<div class=\"custom_font_holder \" style=\" font-style: italic; font-weight: 400; color: #4D4D4D; text-decoration: none; text-align: left; --qode-cf-font-size: 15px; --qode-cf-line-height: 16px; --qode-cf-font-size-1440: 15px; --qode-cf-line-height-1440: 16px; --qode-cf-font-size-1366: 15px; --qode-cf-line-height-1366: 16px; --qode-cf-font-size-1280: 15px; --qode-cf-line-height-1280: 16px; --qode-cf-font-size-1024: 15px; --qode-cf-line-height-1024: 16px; --qode-cf-font-size-768: 15px; --qode-cf-line-height-768: 16px; --qode-cf-font-size-680: 15px; --qode-cf-line-height-680: 16px; --qode-cf-font-size-480: 15px; --qode-cf-line-height-480: 16px;\">En Consultor\u00eda T\u00e9cnica Transversal desarrollamos proyectos t\u00e9cnicos especializados para empresas, administraciones y profesionales de diversos sectores. A trav\u00e9s de esta secci\u00f3n presentamos una muestra representativa de los proyectos realizados, incluyendo servicios de legalizaci\u00f3n de actividades, prevenci\u00f3n de riesgos laborales, gesti\u00f3n de la emergencia y Planes de Autoprotecci\u00f3n, proyectos mineros, estudios ambientales, topograf\u00eda, valoraciones t\u00e9cnicas y asesoramiento normativo. Cada proyecto se basa en un enfoque pr\u00e1ctico, riguroso y alineado con la legislaci\u00f3n vigente, aportando soluciones eficientes y adaptadas a cada realidad. Esta experiencia nos permite garantizar resultados fiables, seguros y orientados al \u00e9xito de nuestros clientes.<\/div>[\/vc_column_inner][\/vc_row_inner][\/vc_column][\/vc_row][vc_row css_animation=\u00bb\u00bb row_type=\u00bbrow\u00bb use_row_as_full_screen_section=\u00bbno\u00bb type=\u00bbgrid\u00bb angled_section=\u00bbno\u00bb text_align=\u00bbleft\u00bb background_image_as_pattern=\u00bbwithout_pattern\u00bb z_index=\u00bb\u00bb padding_bottom=\u00bb25&#8243;][vc_column]<div class='projects_holder_outer v3 portfolio_with_space portfolio_standard'>\n        <div class='projects_holder portfolio_main_holder clearfix v3 standard portfolio_full_image '>\n        \n        <article class='mix portfolio_category_1214 portfolio_category_1217 portfolio_category_1231 portfolio_category_1236 default' style=''>\n    \n    \n    \n                <div class='image_holder'>\n                <a itemprop='url' class='portfolio_link_for_touch' href='https:\/\/www.consultoriatt.com\/es\/portfolio_page\/implantacion-del-plan-de-autoproteccion\/' target='_self'>\n                    \n<span class='image'><img loading=\"lazy\" decoding=\"async\" width=\"1024\" height=\"640\" src=\"https:\/\/www.consultoriatt.com\/wp-content\/uploads\/2015\/06\/projectes_cursos_cacaolat_01.jpg\" class=\"attachment-full size-full wp-post-image\" alt=\"formaci\u00f3n PAU\" srcset=\"https:\/\/www.consultoriatt.com\/wp-content\/uploads\/2015\/06\/projectes_cursos_cacaolat_01.jpg 1024w, https:\/\/www.consultoriatt.com\/wp-content\/uploads\/2015\/06\/projectes_cursos_cacaolat_01-250x156.jpg 250w, https:\/\/www.consultoriatt.com\/wp-content\/uploads\/2015\/06\/projectes_cursos_cacaolat_01-300x188.jpg 300w, https:\/\/www.consultoriatt.com\/wp-content\/uploads\/2015\/06\/projectes_cursos_cacaolat_01-640x400.jpg 640w, https:\/\/www.consultoriatt.com\/wp-content\/uploads\/2015\/06\/projectes_cursos_cacaolat_01-960x600.jpg 960w\" sizes=\"auto, (max-width: 1024px) 100vw, 1024px\" \/><\/span>                <\/a>\n\n                <span class='text_holder'>\n    <span class='text_outer'>\n        <span class='text_inner'>\n            <span class='feature_holder'>\n                            <span class=\"feature_holder_icons\">';\n                            <a itemprop='image' class='lightbox qbutton small white' title='Implantaci\u00f3n del Plan de Autoprotecci\u00f3n' href='https:\/\/www.consultoriatt.com\/wp-content\/uploads\/2015\/06\/projectes_cursos_cacaolat_01.jpg' data-rel='prettyPhoto[pretty_photo_gallery]'>zoom<\/a>\n    \n                            <a itemprop='url' class='preview qbutton small white' href='https:\/\/www.consultoriatt.com\/es\/portfolio_page\/implantacion-del-plan-de-autoproteccion\/' target='_self'>ver<\/i><\/a>\n    \n                                            <\/span>\n        <\/span>\n    <\/span>\n<\/span>            <\/div>\n                <div class='portfolio_description ' >\n\n        \n    <h2 itemprop=\"name\" class=\"portfolio_title entry_title\"><a itemprop=\"url\" href=\"https:\/\/www.consultoriatt.com\/es\/portfolio_page\/implantacion-del-plan-de-autoproteccion\/\" style=\"font-size: 18px\" target=\"_self\"> Implantaci\u00f3n del Plan de Autoprotecci\u00f3n<\/a><\/h2>\n\n\n            <div style=\"background-color: #FAB012\" class=\"portfolio_separator separator  small center\"><\/div>\n\n            <span class=\"project_category\" style=\"color: #A51226\" >\n    Formaci\u00f3n, Grupo Cacaolat, PAU, Plan de Autoprotecci\u00f3n    <\/span>\n\n    <\/div>\n        \n<\/article>\n<article class='mix portfolio_category_1233 portfolio_category_1212 portfolio_category_1252 default' style=''>\n    \n    \n    \n                <div class='image_holder'>\n                <a itemprop='url' class='portfolio_link_for_touch' href='https:\/\/www.consultoriatt.com\/es\/portfolio_page\/mineria-i-rpas\/' target='_self'>\n                    \n<span class='image'><img loading=\"lazy\" decoding=\"async\" width=\"1712\" height=\"963\" src=\"https:\/\/www.consultoriatt.com\/wp-content\/uploads\/2021\/08\/Captura-de-Pantalla-2021-08-23-a-les-1.39.16.png\" class=\"attachment-full size-full wp-post-image\" alt=\"\" srcset=\"https:\/\/www.consultoriatt.com\/wp-content\/uploads\/2021\/08\/Captura-de-Pantalla-2021-08-23-a-les-1.39.16.png 1712w, https:\/\/www.consultoriatt.com\/wp-content\/uploads\/2021\/08\/Captura-de-Pantalla-2021-08-23-a-les-1.39.16-300x169.png 300w, https:\/\/www.consultoriatt.com\/wp-content\/uploads\/2021\/08\/Captura-de-Pantalla-2021-08-23-a-les-1.39.16-1024x576.png 1024w, https:\/\/www.consultoriatt.com\/wp-content\/uploads\/2021\/08\/Captura-de-Pantalla-2021-08-23-a-les-1.39.16-768x432.png 768w, https:\/\/www.consultoriatt.com\/wp-content\/uploads\/2021\/08\/Captura-de-Pantalla-2021-08-23-a-les-1.39.16-1536x864.png 1536w, https:\/\/www.consultoriatt.com\/wp-content\/uploads\/2021\/08\/Captura-de-Pantalla-2021-08-23-a-les-1.39.16-250x141.png 250w\" sizes=\"auto, (max-width: 1712px) 100vw, 1712px\" \/><\/span>                <\/a>\n\n                <span class='text_holder'>\n    <span class='text_outer'>\n        <span class='text_inner'>\n            <span class='feature_holder'>\n                            <span class=\"feature_holder_icons\">';\n                            <a itemprop='image' class='lightbox qbutton small white' title='Miner\u00eda y RPAS' href='https:\/\/www.consultoriatt.com\/wp-content\/uploads\/2021\/08\/Captura-de-Pantalla-2021-08-23-a-les-1.39.16.png' data-rel='prettyPhoto[pretty_photo_gallery]'>zoom<\/a>\n    \n                            <a itemprop='url' class='preview qbutton small white' href='https:\/\/www.consultoriatt.com\/es\/portfolio_page\/mineria-i-rpas\/' target='_self'>ver<\/i><\/a>\n    \n                                            <\/span>\n        <\/span>\n    <\/span>\n<\/span>            <\/div>\n                <div class='portfolio_description ' >\n\n        \n    <h2 itemprop=\"name\" class=\"portfolio_title entry_title\"><a itemprop=\"url\" href=\"https:\/\/www.consultoriatt.com\/es\/portfolio_page\/mineria-i-rpas\/\" style=\"font-size: 18px\" target=\"_self\"> Miner\u00eda y RPAS<\/a><\/h2>\n\n\n            <div style=\"background-color: #FAB012\" class=\"portfolio_separator separator  small center\"><\/div>\n\n            <span class=\"project_category\" style=\"color: #A51226\" >\n    Cantera, Explosivos, Topograf\u00eda    <\/span>\n\n    <\/div>\n        \n<\/article>\n<article class='mix portfolio_category_1197 portfolio_category_1215 portfolio_category_1230 portfolio_category_1252 default' style=''>\n    \n    \n    \n                <div class='image_holder'>\n                <a itemprop='url' class='portfolio_link_for_touch' href='https:\/\/www.consultoriatt.com\/es\/portfolio_page\/replanteo-topografico-en-montserrat\/' target='_self'>\n                    \n<span class='image'><img loading=\"lazy\" decoding=\"async\" width=\"1024\" height=\"640\" src=\"https:\/\/www.consultoriatt.com\/wp-content\/uploads\/2008\/04\/projectes_montserrat.jpg\" class=\"attachment-full size-full wp-post-image\" alt=\"\" srcset=\"https:\/\/www.consultoriatt.com\/wp-content\/uploads\/2008\/04\/projectes_montserrat.jpg 1024w, https:\/\/www.consultoriatt.com\/wp-content\/uploads\/2008\/04\/projectes_montserrat-250x156.jpg 250w, https:\/\/www.consultoriatt.com\/wp-content\/uploads\/2008\/04\/projectes_montserrat-300x188.jpg 300w, https:\/\/www.consultoriatt.com\/wp-content\/uploads\/2008\/04\/projectes_montserrat-640x400.jpg 640w\" sizes=\"auto, (max-width: 1024px) 100vw, 1024px\" \/><\/span>                <\/a>\n\n                <span class='text_holder'>\n    <span class='text_outer'>\n        <span class='text_inner'>\n            <span class='feature_holder'>\n                            <span class=\"feature_holder_icons\">';\n                            <a itemprop='image' class='lightbox qbutton small white' title='Replanteo topogr\u00e1fico en Montserrat' href='https:\/\/www.consultoriatt.com\/wp-content\/uploads\/2008\/04\/projectes_montserrat.jpg' data-rel='prettyPhoto[pretty_photo_gallery]'>zoom<\/a>\n    \n                            <a itemprop='url' class='preview qbutton small white' href='https:\/\/www.consultoriatt.com\/es\/portfolio_page\/replanteo-topografico-en-montserrat\/' target='_self'>ver<\/i><\/a>\n    \n                                            <\/span>\n        <\/span>\n    <\/span>\n<\/span>            <\/div>\n                <div class='portfolio_description ' >\n\n        \n    <h2 itemprop=\"name\" class=\"portfolio_title entry_title\"><a itemprop=\"url\" href=\"https:\/\/www.consultoriatt.com\/es\/portfolio_page\/replanteo-topografico-en-montserrat\/\" style=\"font-size: 18px\" target=\"_self\"> Replanteo topogr\u00e1fico en Montserrat<\/a><\/h2>\n\n\n            <div style=\"background-color: #FAB012\" class=\"portfolio_separator separator  small center\"><\/div>\n\n            <span class=\"project_category\" style=\"color: #A51226\" >\n    Acceso vertical, Geolab Gaia, Obra p\u00fablica, Topograf\u00eda    <\/span>\n\n    <\/div>\n        \n<\/article>\n<article class='mix portfolio_category_1233 portfolio_category_1213 portfolio_category_1219 portfolio_category_1237 portfolio_category_1252 default' style=''>\n    \n    \n    \n                <div class='image_holder'>\n                <a itemprop='url' class='portfolio_link_for_touch' href='https:\/\/www.consultoriatt.com\/es\/portfolio_page\/valoracion-actividad-minera\/' target='_self'>\n                    \n<span class='image'><img loading=\"lazy\" decoding=\"async\" width=\"1200\" height=\"565\" src=\"https:\/\/www.consultoriatt.com\/wp-content\/uploads\/2017\/06\/Peritacio-act.-minera-1200x565-1.png\" class=\"attachment-full size-full wp-post-image\" alt=\"\" srcset=\"https:\/\/www.consultoriatt.com\/wp-content\/uploads\/2017\/06\/Peritacio-act.-minera-1200x565-1.png 1200w, https:\/\/www.consultoriatt.com\/wp-content\/uploads\/2017\/06\/Peritacio-act.-minera-1200x565-1-300x141.png 300w, https:\/\/www.consultoriatt.com\/wp-content\/uploads\/2017\/06\/Peritacio-act.-minera-1200x565-1-1024x482.png 1024w, https:\/\/www.consultoriatt.com\/wp-content\/uploads\/2017\/06\/Peritacio-act.-minera-1200x565-1-768x362.png 768w, https:\/\/www.consultoriatt.com\/wp-content\/uploads\/2017\/06\/Peritacio-act.-minera-1200x565-1-250x118.png 250w\" sizes=\"auto, (max-width: 1200px) 100vw, 1200px\" \/><\/span>                <\/a>\n\n                <span class='text_holder'>\n    <span class='text_outer'>\n        <span class='text_inner'>\n            <span class='feature_holder'>\n                            <span class=\"feature_holder_icons\">';\n                            <a itemprop='image' class='lightbox qbutton small white' title='Valoraci\u00f3n actividad minera' href='https:\/\/www.consultoriatt.com\/wp-content\/uploads\/2017\/06\/Peritacio-act.-minera-1200x565-1.png' data-rel='prettyPhoto[pretty_photo_gallery]'>zoom<\/a>\n    \n                            <a itemprop='url' class='preview qbutton small white' href='https:\/\/www.consultoriatt.com\/es\/portfolio_page\/valoracion-actividad-minera\/' target='_self'>ver<\/i><\/a>\n    \n                                            <\/span>\n        <\/span>\n    <\/span>\n<\/span>            <\/div>\n                <div class='portfolio_description ' >\n\n        \n    <h2 itemprop=\"name\" class=\"portfolio_title entry_title\"><a itemprop=\"url\" href=\"https:\/\/www.consultoriatt.com\/es\/portfolio_page\/valoracion-actividad-minera\/\" style=\"font-size: 18px\" target=\"_self\"> Valoraci\u00f3n actividad minera<\/a><\/h2>\n\n\n            <div style=\"background-color: #FAB012\" class=\"portfolio_separator separator  small center\"><\/div>\n\n            <span class=\"project_category\" style=\"color: #A51226\" >\n    Cantera, FIscalizaci\u00f3n cumplimiento legal, Impacto ambiental, Plan de labores, Topograf\u00eda    <\/span>\n\n    <\/div>\n        \n<\/article>\n<article class='mix portfolio_category_1201 portfolio_category_1229 portfolio_category_1235 default' style=''>\n    \n    \n    \n                <div class='image_holder'>\n                <a itemprop='url' class='portfolio_link_for_touch' href='https:\/\/www.consultoriatt.com\/es\/portfolio_page\/estudio-de-mercado\/' target='_self'>\n                    \n<span class='image'><img loading=\"lazy\" decoding=\"async\" width=\"1208\" height=\"908\" src=\"https:\/\/www.consultoriatt.com\/wp-content\/uploads\/2017\/06\/Esrtudi-uran\u00edstic-pirot.-1.png\" class=\"attachment-full size-full wp-post-image\" alt=\"estudio de mercado\" srcset=\"https:\/\/www.consultoriatt.com\/wp-content\/uploads\/2017\/06\/Esrtudi-uran\u00edstic-pirot.-1.png 1208w, https:\/\/www.consultoriatt.com\/wp-content\/uploads\/2017\/06\/Esrtudi-uran\u00edstic-pirot.-1-250x188.png 250w, https:\/\/www.consultoriatt.com\/wp-content\/uploads\/2017\/06\/Esrtudi-uran\u00edstic-pirot.-1-300x225.png 300w, https:\/\/www.consultoriatt.com\/wp-content\/uploads\/2017\/06\/Esrtudi-uran\u00edstic-pirot.-1-768x577.png 768w, https:\/\/www.consultoriatt.com\/wp-content\/uploads\/2017\/06\/Esrtudi-uran\u00edstic-pirot.-1-1024x770.png 1024w, https:\/\/www.consultoriatt.com\/wp-content\/uploads\/2017\/06\/Esrtudi-uran\u00edstic-pirot.-1-586x440.png 586w\" sizes=\"auto, (max-width: 1208px) 100vw, 1208px\" \/><\/span>                <\/a>\n\n                <span class='text_holder'>\n    <span class='text_outer'>\n        <span class='text_inner'>\n            <span class='feature_holder'>\n                            <span class=\"feature_holder_icons\">';\n                            <a itemprop='image' class='lightbox qbutton small white' title='Estudio de mercado' href='https:\/\/www.consultoriatt.com\/wp-content\/uploads\/2017\/06\/Esrtudi-uran\u00edstic-pirot.-1.png' data-rel='prettyPhoto[pretty_photo_gallery]'>zoom<\/a>\n    \n                            <a itemprop='url' class='preview qbutton small white' href='https:\/\/www.consultoriatt.com\/es\/portfolio_page\/estudio-de-mercado\/' target='_self'>ver<\/i><\/a>\n    \n                                            <\/span>\n        <\/span>\n    <\/span>\n<\/span>            <\/div>\n                <div class='portfolio_description ' >\n\n        \n    <h2 itemprop=\"name\" class=\"portfolio_title entry_title\"><a itemprop=\"url\" href=\"https:\/\/www.consultoriatt.com\/es\/portfolio_page\/estudio-de-mercado\/\" style=\"font-size: 18px\" target=\"_self\"> Estudio de mercado<\/a><\/h2>\n\n\n            <div style=\"background-color: #FAB012\" class=\"portfolio_separator separator  small center\"><\/div>\n\n            <span class=\"project_category\" style=\"color: #A51226\" >\n    Asesoramiento, Nueva actividad, Pirotecnia    <\/span>\n\n    <\/div>\n        \n<\/article>\n<article class='mix portfolio_category_1229 portfolio_category_1235 default' style=''>\n    \n    \n    \n                <div class='image_holder'>\n                <a itemprop='url' class='portfolio_link_for_touch' href='https:\/\/www.consultoriatt.com\/es\/portfolio_page\/legalizacion-tienda-de-petardos\/' target='_self'>\n                    \n<span class='image'><img loading=\"lazy\" decoding=\"async\" width=\"2560\" height=\"1920\" src=\"https:\/\/www.consultoriatt.com\/wp-content\/uploads\/2017\/06\/IMG_4180-scaled.jpg\" class=\"attachment-full size-full wp-post-image\" alt=\"\" srcset=\"https:\/\/www.consultoriatt.com\/wp-content\/uploads\/2017\/06\/IMG_4180-scaled.jpg 2560w, https:\/\/www.consultoriatt.com\/wp-content\/uploads\/2017\/06\/IMG_4180-scaled-250x188.jpg 250w, https:\/\/www.consultoriatt.com\/wp-content\/uploads\/2017\/06\/IMG_4180-300x225.jpg 300w, https:\/\/www.consultoriatt.com\/wp-content\/uploads\/2017\/06\/IMG_4180-768x576.jpg 768w, https:\/\/www.consultoriatt.com\/wp-content\/uploads\/2017\/06\/IMG_4180-1024x768.jpg 1024w, https:\/\/www.consultoriatt.com\/wp-content\/uploads\/2017\/06\/IMG_4180-1536x1152.jpg 1536w, https:\/\/www.consultoriatt.com\/wp-content\/uploads\/2017\/06\/IMG_4180-2048x1536.jpg 2048w\" sizes=\"auto, (max-width: 2560px) 100vw, 2560px\" \/><\/span>                <\/a>\n\n                <span class='text_holder'>\n    <span class='text_outer'>\n        <span class='text_inner'>\n            <span class='feature_holder'>\n                            <span class=\"feature_holder_icons\">';\n                            <a itemprop='image' class='lightbox qbutton small white' title='Legalizaci\u00f3n tienda de petardos' href='https:\/\/www.consultoriatt.com\/wp-content\/uploads\/2017\/06\/IMG_4180-scaled.jpg' data-rel='prettyPhoto[pretty_photo_gallery]'>zoom<\/a>\n    \n                            <a itemprop='url' class='preview qbutton small white' href='https:\/\/www.consultoriatt.com\/es\/portfolio_page\/legalizacion-tienda-de-petardos\/' target='_self'>ver<\/i><\/a>\n    \n                                            <\/span>\n        <\/span>\n    <\/span>\n<\/span>            <\/div>\n                <div class='portfolio_description ' >\n\n        \n    <h2 itemprop=\"name\" class=\"portfolio_title entry_title\"><a itemprop=\"url\" href=\"https:\/\/www.consultoriatt.com\/es\/portfolio_page\/legalizacion-tienda-de-petardos\/\" style=\"font-size: 18px\" target=\"_self\"> Legalizaci\u00f3n tienda de petardos<\/a><\/h2>\n\n\n            <div style=\"background-color: #FAB012\" class=\"portfolio_separator separator  small center\"><\/div>\n\n            <span class=\"project_category\" style=\"color: #A51226\" >\n    Nueva actividad, Pirotecnia    <\/span>\n\n    <\/div>\n        \n<\/article>\n<article class='mix portfolio_category_1211 portfolio_category_1213 portfolio_category_1219 portfolio_category_1229 default' style=''>\n    \n    \n    \n                <div class='image_holder'>\n                <a itemprop='url' class='portfolio_link_for_touch' href='https:\/\/www.consultoriatt.com\/es\/portfolio_page\/diseno-del-alumbrado-exterior-por-una-planta-de-marpol\/' target='_self'>\n                    \n<span class='image'><img loading=\"lazy\" decoding=\"async\" width=\"2048\" height=\"1536\" src=\"https:\/\/www.consultoriatt.com\/wp-content\/uploads\/2017\/06\/General19.jpg\" class=\"attachment-full size-full wp-post-image\" alt=\"\" srcset=\"https:\/\/www.consultoriatt.com\/wp-content\/uploads\/2017\/06\/General19.jpg 2048w, https:\/\/www.consultoriatt.com\/wp-content\/uploads\/2017\/06\/General19-250x188.jpg 250w, https:\/\/www.consultoriatt.com\/wp-content\/uploads\/2017\/06\/General19-300x225.jpg 300w, https:\/\/www.consultoriatt.com\/wp-content\/uploads\/2017\/06\/General19-768x576.jpg 768w, https:\/\/www.consultoriatt.com\/wp-content\/uploads\/2017\/06\/General19-1024x768.jpg 1024w, https:\/\/www.consultoriatt.com\/wp-content\/uploads\/2017\/06\/General19-1536x1152.jpg 1536w\" sizes=\"auto, (max-width: 2048px) 100vw, 2048px\" \/><\/span>                <\/a>\n\n                <span class='text_holder'>\n    <span class='text_outer'>\n        <span class='text_inner'>\n            <span class='feature_holder'>\n                            <span class=\"feature_holder_icons\">';\n                            <a itemprop='image' class='lightbox qbutton small white' title='Dise\u00f1o del alumbrado exterior por una planta de MARPOL' href='https:\/\/www.consultoriatt.com\/wp-content\/uploads\/2017\/06\/General19.jpg' data-rel='prettyPhoto[pretty_photo_gallery]'>zoom<\/a>\n    \n                            <a itemprop='url' class='preview qbutton small white' href='https:\/\/www.consultoriatt.com\/es\/portfolio_page\/diseno-del-alumbrado-exterior-por-una-planta-de-marpol\/' target='_self'>ver<\/i><\/a>\n    \n                                            <\/span>\n        <\/span>\n    <\/span>\n<\/span>            <\/div>\n                <div class='portfolio_description ' >\n\n        \n    <h2 itemprop=\"name\" class=\"portfolio_title entry_title\"><a itemprop=\"url\" href=\"https:\/\/www.consultoriatt.com\/es\/portfolio_page\/diseno-del-alumbrado-exterior-por-una-planta-de-marpol\/\" style=\"font-size: 18px\" target=\"_self\"> Dise\u00f1o del alumbrado exterior por una planta de MARPOL<\/a><\/h2>\n\n\n            <div style=\"background-color: #FAB012\" class=\"portfolio_separator separator  small center\"><\/div>\n\n            <span class=\"project_category\" style=\"color: #A51226\" >\n    Alumbrado p\u00fablico, FIscalizaci\u00f3n cumplimiento legal, Impacto ambiental, Nueva actividad    <\/span>\n\n    <\/div>\n        \n<\/article>\n<article class='mix portfolio_category_1211 portfolio_category_1250 default' style=''>\n    \n    \n    \n                <div class='image_holder'>\n                <a itemprop='url' class='portfolio_link_for_touch' href='https:\/\/www.consultoriatt.com\/es\/portfolio_page\/subvencion-por-el-alumbrado-de-santa-maria-de-olo-bages\/' target='_self'>\n                    \n<span class='image'><img loading=\"lazy\" decoding=\"async\" width=\"2560\" height=\"1440\" src=\"https:\/\/www.consultoriatt.com\/wp-content\/uploads\/2015\/09\/20150803_103141-scaled.jpg\" class=\"attachment-full size-full wp-post-image\" alt=\"\" srcset=\"https:\/\/www.consultoriatt.com\/wp-content\/uploads\/2015\/09\/20150803_103141-scaled.jpg 2560w, https:\/\/www.consultoriatt.com\/wp-content\/uploads\/2015\/09\/20150803_103141-scaled-250x141.jpg 250w, https:\/\/www.consultoriatt.com\/wp-content\/uploads\/2015\/09\/20150803_103141-300x169.jpg 300w, https:\/\/www.consultoriatt.com\/wp-content\/uploads\/2015\/09\/20150803_103141-1024x576.jpg 1024w, https:\/\/www.consultoriatt.com\/wp-content\/uploads\/2015\/09\/20150803_103141-scaled-1536x864.jpg 1536w, https:\/\/www.consultoriatt.com\/wp-content\/uploads\/2015\/09\/20150803_103141-scaled-2048x1152.jpg 2048w\" sizes=\"auto, (max-width: 2560px) 100vw, 2560px\" \/><\/span>                <\/a>\n\n                <span class='text_holder'>\n    <span class='text_outer'>\n        <span class='text_inner'>\n            <span class='feature_holder'>\n                            <span class=\"feature_holder_icons\">';\n                            <a itemprop='image' class='lightbox qbutton small white' title='Subvenci\u00f3n por el alumbrado de Santa Maria de Ol\u00f3 (Bages)' href='https:\/\/www.consultoriatt.com\/wp-content\/uploads\/2015\/09\/20150803_103141-scaled.jpg' data-rel='prettyPhoto[pretty_photo_gallery]'>zoom<\/a>\n    \n                            <a itemprop='url' class='preview qbutton small white' href='https:\/\/www.consultoriatt.com\/es\/portfolio_page\/subvencion-por-el-alumbrado-de-santa-maria-de-olo-bages\/' target='_self'>ver<\/i><\/a>\n    \n                                            <\/span>\n        <\/span>\n    <\/span>\n<\/span>            <\/div>\n                <div class='portfolio_description ' >\n\n        \n    <h2 itemprop=\"name\" class=\"portfolio_title entry_title\"><a itemprop=\"url\" href=\"https:\/\/www.consultoriatt.com\/es\/portfolio_page\/subvencion-por-el-alumbrado-de-santa-maria-de-olo-bages\/\" style=\"font-size: 18px\" target=\"_self\"> Subvenci\u00f3n por el alumbrado de Santa Maria de Ol\u00f3 (Bages)<\/a><\/h2>\n\n\n            <div style=\"background-color: #FAB012\" class=\"portfolio_separator separator  small center\"><\/div>\n\n            <span class=\"project_category\" style=\"color: #A51226\" >\n    Alumbrado p\u00fablico, Subvenci\u00f3n    <\/span>\n\n    <\/div>\n        \n<\/article>\n<article class='mix portfolio_category_1225 portfolio_category_1237 portfolio_category_1252 default' style=''>\n    \n    \n    \n                <div class='image_holder'>\n                <a itemprop='url' class='portfolio_link_for_touch' href='https:\/\/www.consultoriatt.com\/es\/portfolio_page\/cartografia-actividad-extractiva-en-alcoletge\/' target='_self'>\n                    \n<span class='image'><img loading=\"lazy\" decoding=\"async\" width=\"1024\" height=\"640\" src=\"https:\/\/www.consultoriatt.com\/wp-content\/uploads\/2015\/06\/projectes_labors.jpg\" class=\"attachment-full size-full wp-post-image\" alt=\"\" srcset=\"https:\/\/www.consultoriatt.com\/wp-content\/uploads\/2015\/06\/projectes_labors.jpg 1024w, https:\/\/www.consultoriatt.com\/wp-content\/uploads\/2015\/06\/projectes_labors-250x156.jpg 250w, https:\/\/www.consultoriatt.com\/wp-content\/uploads\/2015\/06\/projectes_labors-300x188.jpg 300w, https:\/\/www.consultoriatt.com\/wp-content\/uploads\/2015\/06\/projectes_labors-640x400.jpg 640w, https:\/\/www.consultoriatt.com\/wp-content\/uploads\/2015\/06\/projectes_labors-960x600.jpg 960w\" sizes=\"auto, (max-width: 1024px) 100vw, 1024px\" \/><\/span>                <\/a>\n\n                <span class='text_holder'>\n    <span class='text_outer'>\n        <span class='text_inner'>\n            <span class='feature_holder'>\n                            <span class=\"feature_holder_icons\">';\n                            <a itemprop='image' class='lightbox qbutton small white' title='Cartograf\u00eda actividad extractiva en Alcoletge' href='https:\/\/www.consultoriatt.com\/wp-content\/uploads\/2015\/06\/projectes_labors.jpg' data-rel='prettyPhoto[pretty_photo_gallery]'>zoom<\/a>\n    \n                            <a itemprop='url' class='preview qbutton small white' href='https:\/\/www.consultoriatt.com\/es\/portfolio_page\/cartografia-actividad-extractiva-en-alcoletge\/' target='_self'>ver<\/i><\/a>\n    \n                                            <\/span>\n        <\/span>\n    <\/span>\n<\/span>            <\/div>\n                <div class='portfolio_description ' >\n\n        \n    <h2 itemprop=\"name\" class=\"portfolio_title entry_title\"><a itemprop=\"url\" href=\"https:\/\/www.consultoriatt.com\/es\/portfolio_page\/cartografia-actividad-extractiva-en-alcoletge\/\" style=\"font-size: 18px\" target=\"_self\"> Cartograf\u00eda actividad extractiva en Alcoletge<\/a><\/h2>\n\n\n            <div style=\"background-color: #FAB012\" class=\"portfolio_separator separator  small center\"><\/div>\n\n            <span class=\"project_category\" style=\"color: #A51226\" >\n    Les Forques, Plan de labores, Topograf\u00eda    <\/span>\n\n    <\/div>\n        \n<\/article>\n<article class='mix portfolio_category_1203 portfolio_category_1206 portfolio_category_1208 portfolio_category_1222 default' style=''>\n    \n    \n    \n                <div class='image_holder'>\n                <a itemprop='url' class='portfolio_link_for_touch' href='https:\/\/www.consultoriatt.com\/es\/portfolio_page\/cambio-de-nombre-actividad\/' target='_self'>\n                    \n<span class='image'><img loading=\"lazy\" decoding=\"async\" width=\"1024\" height=\"640\" src=\"https:\/\/www.consultoriatt.com\/wp-content\/uploads\/2015\/06\/projectes_la_creueta.jpg\" class=\"attachment-full size-full wp-post-image\" alt=\"cambio de nombre actividad extractiva\" srcset=\"https:\/\/www.consultoriatt.com\/wp-content\/uploads\/2015\/06\/projectes_la_creueta.jpg 1024w, https:\/\/www.consultoriatt.com\/wp-content\/uploads\/2015\/06\/projectes_la_creueta-250x156.jpg 250w, https:\/\/www.consultoriatt.com\/wp-content\/uploads\/2015\/06\/projectes_la_creueta-300x188.jpg 300w, https:\/\/www.consultoriatt.com\/wp-content\/uploads\/2015\/06\/projectes_la_creueta-640x400.jpg 640w, https:\/\/www.consultoriatt.com\/wp-content\/uploads\/2015\/06\/projectes_la_creueta-960x600.jpg 960w\" sizes=\"auto, (max-width: 1024px) 100vw, 1024px\" \/><\/span>                <\/a>\n\n                <span class='text_holder'>\n    <span class='text_outer'>\n        <span class='text_inner'>\n            <span class='feature_holder'>\n                            <span class=\"feature_holder_icons\">';\n                            <a itemprop='image' class='lightbox qbutton small white' title='Cambio de nombre actividad' href='https:\/\/www.consultoriatt.com\/wp-content\/uploads\/2015\/06\/projectes_la_creueta.jpg' data-rel='prettyPhoto[pretty_photo_gallery]'>zoom<\/a>\n    \n                            <a itemprop='url' class='preview qbutton small white' href='https:\/\/www.consultoriatt.com\/es\/portfolio_page\/cambio-de-nombre-actividad\/' target='_self'>ver<\/i><\/a>\n    \n                                            <\/span>\n        <\/span>\n    <\/span>\n<\/span>            <\/div>\n                <div class='portfolio_description ' >\n\n        \n    <h2 itemprop=\"name\" class=\"portfolio_title entry_title\"><a itemprop=\"url\" href=\"https:\/\/www.consultoriatt.com\/es\/portfolio_page\/cambio-de-nombre-actividad\/\" style=\"font-size: 18px\" target=\"_self\"> Cambio de nombre actividad<\/a><\/h2>\n\n\n            <div style=\"background-color: #FAB012\" class=\"portfolio_separator separator  small center\"><\/div>\n\n            <span class=\"project_category\" style=\"color: #A51226\" >\n    Bar, Cambio de nombre, Comunicaci\u00f3n, La Creueta    <\/span>\n\n    <\/div>\n        \n<\/article>\n<article class='mix portfolio_category_1208 portfolio_category_1223 portfolio_category_1229 portfolio_category_1245 default' style=''>\n    \n    \n    \n                <div class='image_holder'>\n                <a itemprop='url' class='portfolio_link_for_touch' href='https:\/\/www.consultoriatt.com\/es\/portfolio_page\/proyecto-de-actividad\/' target='_self'>\n                    \n<span class='image'><img loading=\"lazy\" decoding=\"async\" width=\"1024\" height=\"640\" src=\"https:\/\/www.consultoriatt.com\/wp-content\/uploads\/2015\/06\/projectes_la_llosa_artes_01.jpg\" class=\"attachment-full size-full wp-post-image\" alt=\"\" srcset=\"https:\/\/www.consultoriatt.com\/wp-content\/uploads\/2015\/06\/projectes_la_llosa_artes_01.jpg 1024w, https:\/\/www.consultoriatt.com\/wp-content\/uploads\/2015\/06\/projectes_la_llosa_artes_01-250x156.jpg 250w, https:\/\/www.consultoriatt.com\/wp-content\/uploads\/2015\/06\/projectes_la_llosa_artes_01-300x188.jpg 300w, https:\/\/www.consultoriatt.com\/wp-content\/uploads\/2015\/06\/projectes_la_llosa_artes_01-640x400.jpg 640w, https:\/\/www.consultoriatt.com\/wp-content\/uploads\/2015\/06\/projectes_la_llosa_artes_01-960x600.jpg 960w\" sizes=\"auto, (max-width: 1024px) 100vw, 1024px\" \/><\/span>                <\/a>\n\n                <span class='text_holder'>\n    <span class='text_outer'>\n        <span class='text_inner'>\n            <span class='feature_holder'>\n                            <span class=\"feature_holder_icons\">';\n                            <a itemprop='image' class='lightbox qbutton small white' title='Proyecto de actividad' href='https:\/\/www.consultoriatt.com\/wp-content\/uploads\/2015\/06\/projectes_la_llosa_artes_01.jpg' data-rel='prettyPhoto[pretty_photo_gallery]'>zoom<\/a>\n    \n                            <a itemprop='url' class='preview qbutton small white' href='https:\/\/www.consultoriatt.com\/es\/portfolio_page\/proyecto-de-actividad\/' target='_self'>ver<\/i><\/a>\n    \n                                            <\/span>\n        <\/span>\n    <\/span>\n<\/span>            <\/div>\n                <div class='portfolio_description ' >\n\n        \n    <h2 itemprop=\"name\" class=\"portfolio_title entry_title\"><a itemprop=\"url\" href=\"https:\/\/www.consultoriatt.com\/es\/portfolio_page\/proyecto-de-actividad\/\" style=\"font-size: 18px\" target=\"_self\"> Proyecto de actividad<\/a><\/h2>\n\n\n            <div style=\"background-color: #FAB012\" class=\"portfolio_separator separator  small center\"><\/div>\n\n            <span class=\"project_category\" style=\"color: #A51226\" >\n    Comunicaci\u00f3n, La Llosa, Nueva actividad, Restaurante    <\/span>\n\n    <\/div>\n        \n<\/article>\n<article class='mix portfolio_category_1198 portfolio_category_1202 portfolio_category_1233 portfolio_category_1228 default' style=''>\n    \n    \n    \n                <div class='image_holder'>\n                <a itemprop='url' class='portfolio_link_for_touch' href='https:\/\/www.consultoriatt.com\/es\/portfolio_page\/ampliacion-actividad-minera\/' target='_self'>\n                    \n<span class='image'><img loading=\"lazy\" decoding=\"async\" width=\"1024\" height=\"640\" src=\"https:\/\/www.consultoriatt.com\/wp-content\/uploads\/2015\/03\/projectes_ampliacio_activitat_minera.jpg\" class=\"attachment-full size-full wp-post-image\" alt=\"Ampliaci\u00f3n actividad minera\" srcset=\"https:\/\/www.consultoriatt.com\/wp-content\/uploads\/2015\/03\/projectes_ampliacio_activitat_minera.jpg 1024w, https:\/\/www.consultoriatt.com\/wp-content\/uploads\/2015\/03\/projectes_ampliacio_activitat_minera-250x156.jpg 250w, https:\/\/www.consultoriatt.com\/wp-content\/uploads\/2015\/03\/projectes_ampliacio_activitat_minera-300x188.jpg 300w, https:\/\/www.consultoriatt.com\/wp-content\/uploads\/2015\/03\/projectes_ampliacio_activitat_minera-640x400.jpg 640w, https:\/\/www.consultoriatt.com\/wp-content\/uploads\/2015\/03\/projectes_ampliacio_activitat_minera-960x600.jpg 960w\" sizes=\"auto, (max-width: 1024px) 100vw, 1024px\" \/><\/span>                <\/a>\n\n                <span class='text_holder'>\n    <span class='text_outer'>\n        <span class='text_inner'>\n            <span class='feature_holder'>\n                            <span class=\"feature_holder_icons\">';\n                            <a itemprop='image' class='lightbox qbutton small white' title='Ampliaci\u00f3n actividad minera' href='https:\/\/www.consultoriatt.com\/wp-content\/uploads\/2015\/03\/projectes_ampliacio_activitat_minera.jpg' data-rel='prettyPhoto[pretty_photo_gallery]'>zoom<\/a>\n    \n                            <a itemprop='url' class='preview qbutton small white' href='https:\/\/www.consultoriatt.com\/es\/portfolio_page\/ampliacion-actividad-minera\/' target='_self'>ver<\/i><\/a>\n    \n                                            <\/span>\n        <\/span>\n    <\/span>\n<\/span>            <\/div>\n                <div class='portfolio_description ' >\n\n        \n    <h2 itemprop=\"name\" class=\"portfolio_title entry_title\"><a itemprop=\"url\" href=\"https:\/\/www.consultoriatt.com\/es\/portfolio_page\/ampliacion-actividad-minera\/\" style=\"font-size: 18px\" target=\"_self\"> Ampliaci\u00f3n actividad minera<\/a><\/h2>\n\n\n            <div style=\"background-color: #FAB012\" class=\"portfolio_separator separator  small center\"><\/div>\n\n            <span class=\"project_category\" style=\"color: #A51226\" >\n    Ampliaci\u00f3n, Autorizaci\u00f3n sustantiva, Cantera, Modificaci\u00f3n sustancial    <\/span>\n\n    <\/div>\n        \n<\/article>\n<article class='mix portfolio_category_1234 portfolio_category_1236 portfolio_category_1239 portfolio_category_1247 default' style=''>\n    \n    \n    \n                <div class='image_holder'>\n                <a itemprop='url' class='portfolio_link_for_touch' href='https:\/\/www.consultoriatt.com\/es\/portfolio_page\/pem-en-sant-feliu-sasserra-por-la-feria-de-las-brujas\/' target='_self'>\n                    \n<span class='image'><img loading=\"lazy\" decoding=\"async\" width=\"1024\" height=\"640\" src=\"https:\/\/www.consultoriatt.com\/wp-content\/uploads\/2014\/09\/projectes_pem.jpg\" class=\"attachment-full size-full wp-post-image\" alt=\"\" srcset=\"https:\/\/www.consultoriatt.com\/wp-content\/uploads\/2014\/09\/projectes_pem.jpg 1024w, https:\/\/www.consultoriatt.com\/wp-content\/uploads\/2014\/09\/projectes_pem-250x156.jpg 250w, https:\/\/www.consultoriatt.com\/wp-content\/uploads\/2014\/09\/projectes_pem-300x188.jpg 300w, https:\/\/www.consultoriatt.com\/wp-content\/uploads\/2014\/09\/projectes_pem-640x400.jpg 640w, https:\/\/www.consultoriatt.com\/wp-content\/uploads\/2014\/09\/projectes_pem-960x600.jpg 960w\" sizes=\"auto, (max-width: 1024px) 100vw, 1024px\" \/><\/span>                <\/a>\n\n                <span class='text_holder'>\n    <span class='text_outer'>\n        <span class='text_inner'>\n            <span class='feature_holder'>\n                            <span class=\"feature_holder_icons\">';\n                            <a itemprop='image' class='lightbox qbutton small white' title='PEM en Sant Feliu Sasserra por la Feria de las Brujas' href='https:\/\/www.consultoriatt.com\/wp-content\/uploads\/2014\/09\/projectes_pem.jpg' data-rel='prettyPhoto[pretty_photo_gallery]'>zoom<\/a>\n    \n                            <a itemprop='url' class='preview qbutton small white' href='https:\/\/www.consultoriatt.com\/es\/portfolio_page\/pem-en-sant-feliu-sasserra-por-la-feria-de-las-brujas\/' target='_self'>ver<\/i><\/a>\n    \n                                            <\/span>\n        <\/span>\n    <\/span>\n<\/span>            <\/div>\n                <div class='portfolio_description ' >\n\n        \n    <h2 itemprop=\"name\" class=\"portfolio_title entry_title\"><a itemprop=\"url\" href=\"https:\/\/www.consultoriatt.com\/es\/portfolio_page\/pem-en-sant-feliu-sasserra-por-la-feria-de-las-brujas\/\" style=\"font-size: 18px\" target=\"_self\"> PEM en Sant Feliu Sasserra por la Feria de las Brujas<\/a><\/h2>\n\n\n            <div style=\"background-color: #FAB012\" class=\"portfolio_separator separator  small center\"><\/div>\n\n            <span class=\"project_category\" style=\"color: #A51226\" >\n    PEM, Plan de Autoprotecci\u00f3n, Plan espec\u00edfico municipal, Sant Feliu Saserra    <\/span>\n\n    <\/div>\n        \n<\/article>\n<article class='mix portfolio_category_1217 portfolio_category_1218 portfolio_category_1231 portfolio_category_1236 default' style=''>\n    \n    \n    \n                <div class='image_holder'>\n                <a itemprop='url' class='portfolio_link_for_touch' href='https:\/\/www.consultoriatt.com\/es\/portfolio_page\/diseno-y-presentacion-del-plan-de-autoproteccion\/' target='_self'>\n                    \n<span class='image'><img loading=\"lazy\" decoding=\"async\" width=\"1024\" height=\"640\" src=\"https:\/\/www.consultoriatt.com\/wp-content\/uploads\/2014\/03\/projectes_cacaolat_04.jpg\" class=\"attachment-full size-full wp-post-image\" alt=\"\" srcset=\"https:\/\/www.consultoriatt.com\/wp-content\/uploads\/2014\/03\/projectes_cacaolat_04.jpg 1024w, https:\/\/www.consultoriatt.com\/wp-content\/uploads\/2014\/03\/projectes_cacaolat_04-250x156.jpg 250w, https:\/\/www.consultoriatt.com\/wp-content\/uploads\/2014\/03\/projectes_cacaolat_04-300x188.jpg 300w, https:\/\/www.consultoriatt.com\/wp-content\/uploads\/2014\/03\/projectes_cacaolat_04-640x400.jpg 640w\" sizes=\"auto, (max-width: 1024px) 100vw, 1024px\" \/><\/span>                <\/a>\n\n                <span class='text_holder'>\n    <span class='text_outer'>\n        <span class='text_inner'>\n            <span class='feature_holder'>\n                            <span class=\"feature_holder_icons\">';\n                            <a itemprop='image' class='lightbox qbutton small white' title='Dise\u00f1o y presentaci\u00f3n del Plan de Autoprotecci\u00f3n' href='https:\/\/www.consultoriatt.com\/wp-content\/uploads\/2014\/03\/projectes_cacaolat_04.jpg' data-rel='prettyPhoto[pretty_photo_gallery]'>zoom<\/a>\n    \n                            <a itemprop='url' class='preview qbutton small white' href='https:\/\/www.consultoriatt.com\/es\/portfolio_page\/diseno-y-presentacion-del-plan-de-autoproteccion\/' target='_self'>ver<\/i><\/a>\n    \n                                            <\/span>\n        <\/span>\n    <\/span>\n<\/span>            <\/div>\n                <div class='portfolio_description ' >\n\n        \n    <h2 itemprop=\"name\" class=\"portfolio_title entry_title\"><a itemprop=\"url\" href=\"https:\/\/www.consultoriatt.com\/es\/portfolio_page\/diseno-y-presentacion-del-plan-de-autoproteccion\/\" style=\"font-size: 18px\" target=\"_self\"> Dise\u00f1o y presentaci\u00f3n del Plan de Autoprotecci\u00f3n<\/a><\/h2>\n\n\n            <div style=\"background-color: #FAB012\" class=\"portfolio_separator separator  small center\"><\/div>\n\n            <span class=\"project_category\" style=\"color: #A51226\" >\n    Grupo Cacaolat, Hermes, PAU, Plan de Autoprotecci\u00f3n    <\/span>\n\n    <\/div>\n        \n<\/article>\n<article class='mix portfolio_category_1214 portfolio_category_1249 portfolio_category_1251 portfolio_category_1254 default' style=''>\n    \n    \n    \n                <div class='image_holder'>\n                <a itemprop='url' class='portfolio_link_for_touch' href='https:\/\/www.consultoriatt.com\/es\/portfolio_page\/formacion-solid-qm\/' target='_self'>\n                    \n<span class='image'><img loading=\"lazy\" decoding=\"async\" width=\"1024\" height=\"640\" src=\"https:\/\/www.consultoriatt.com\/wp-content\/uploads\/2013\/07\/projectes_solid_qm.jpg\" class=\"attachment-full size-full wp-post-image\" alt=\"\" srcset=\"https:\/\/www.consultoriatt.com\/wp-content\/uploads\/2013\/07\/projectes_solid_qm.jpg 1024w, https:\/\/www.consultoriatt.com\/wp-content\/uploads\/2013\/07\/projectes_solid_qm-250x156.jpg 250w, https:\/\/www.consultoriatt.com\/wp-content\/uploads\/2013\/07\/projectes_solid_qm-300x188.jpg 300w, https:\/\/www.consultoriatt.com\/wp-content\/uploads\/2013\/07\/projectes_solid_qm-640x400.jpg 640w, https:\/\/www.consultoriatt.com\/wp-content\/uploads\/2013\/07\/projectes_solid_qm-960x600.jpg 960w\" sizes=\"auto, (max-width: 1024px) 100vw, 1024px\" \/><\/span>                <\/a>\n\n                <span class='text_holder'>\n    <span class='text_outer'>\n        <span class='text_inner'>\n            <span class='feature_holder'>\n                            <span class=\"feature_holder_icons\">';\n                            <a itemprop='image' class='lightbox qbutton small white' title='Formaci\u00f3n SOLID QM' href='https:\/\/www.consultoriatt.com\/wp-content\/uploads\/2013\/07\/projectes_solid_qm.jpg' data-rel='prettyPhoto[pretty_photo_gallery]'>zoom<\/a>\n    \n                            <a itemprop='url' class='preview qbutton small white' href='https:\/\/www.consultoriatt.com\/es\/portfolio_page\/formacion-solid-qm\/' target='_self'>ver<\/i><\/a>\n    \n                                            <\/span>\n        <\/span>\n    <\/span>\n<\/span>            <\/div>\n                <div class='portfolio_description ' >\n\n        \n    <h2 itemprop=\"name\" class=\"portfolio_title entry_title\"><a itemprop=\"url\" href=\"https:\/\/www.consultoriatt.com\/es\/portfolio_page\/formacion-solid-qm\/\" style=\"font-size: 18px\" target=\"_self\"> Formaci\u00f3n SOLID QM<\/a><\/h2>\n\n\n            <div style=\"background-color: #FAB012\" class=\"portfolio_separator separator  small center\"><\/div>\n\n            <span class=\"project_category\" style=\"color: #A51226\" >\n    Formaci\u00f3n, SOLD QM, T\u00e9cnicos calificados, UTVA    <\/span>\n\n    <\/div>\n        \n<\/article>\n<article class='mix portfolio_category_1233 portfolio_category_1216 portfolio_category_1221 portfolio_category_1226 default' style=''>\n    \n    \n    \n                <div class='image_holder'>\n                <a itemprop='url' class='portfolio_link_for_touch' href='https:\/\/www.consultoriatt.com\/es\/portfolio_page\/marcaje-ce-por-vilanova\/' target='_self'>\n                    \n<span class='image'><img loading=\"lazy\" decoding=\"async\" width=\"1024\" height=\"640\" src=\"https:\/\/www.consultoriatt.com\/wp-content\/uploads\/2012\/12\/projectes_arids.jpg\" class=\"attachment-full size-full wp-post-image\" alt=\"\" srcset=\"https:\/\/www.consultoriatt.com\/wp-content\/uploads\/2012\/12\/projectes_arids.jpg 1024w, https:\/\/www.consultoriatt.com\/wp-content\/uploads\/2012\/12\/projectes_arids-250x156.jpg 250w, https:\/\/www.consultoriatt.com\/wp-content\/uploads\/2012\/12\/projectes_arids-300x188.jpg 300w, https:\/\/www.consultoriatt.com\/wp-content\/uploads\/2012\/12\/projectes_arids-640x400.jpg 640w\" sizes=\"auto, (max-width: 1024px) 100vw, 1024px\" \/><\/span>                <\/a>\n\n                <span class='text_holder'>\n    <span class='text_outer'>\n        <span class='text_inner'>\n            <span class='feature_holder'>\n                            <span class=\"feature_holder_icons\">';\n                            <a itemprop='image' class='lightbox qbutton small white' title='Marcaje CE por Vilanova' href='https:\/\/www.consultoriatt.com\/wp-content\/uploads\/2012\/12\/projectes_arids.jpg' data-rel='prettyPhoto[pretty_photo_gallery]'>zoom<\/a>\n    \n                            <a itemprop='url' class='preview qbutton small white' href='https:\/\/www.consultoriatt.com\/es\/portfolio_page\/marcaje-ce-por-vilanova\/' target='_self'>ver<\/i><\/a>\n    \n                                            <\/span>\n        <\/span>\n    <\/span>\n<\/span>            <\/div>\n                <div class='portfolio_description ' >\n\n        \n    <h2 itemprop=\"name\" class=\"portfolio_title entry_title\"><a itemprop=\"url\" href=\"https:\/\/www.consultoriatt.com\/es\/portfolio_page\/marcaje-ce-por-vilanova\/\" style=\"font-size: 18px\" target=\"_self\"> Marcaje CE por Vilanova<\/a><\/h2>\n\n\n            <div style=\"background-color: #FAB012\" class=\"portfolio_separator separator  small center\"><\/div>\n\n            <span class=\"project_category\" style=\"color: #A51226\" >\n    Cantera, Gesti\u00f3n de la calidad, Josep Vilanova, Marcaje CE    <\/span>\n\n    <\/div>\n        \n<\/article>\n<article class='mix portfolio_category_1205 portfolio_category_1220 portfolio_category_1228 portfolio_category_1252 default' style=''>\n    \n    \n    \n                <div class='image_holder'>\n                <a itemprop='url' class='portfolio_link_for_touch' href='https:\/\/www.consultoriatt.com\/es\/portfolio_page\/proyecto-actividad-can-riera-de-ciuret-en-el-montseny\/' target='_self'>\n                    \n<span class='image'><img loading=\"lazy\" decoding=\"async\" width=\"1024\" height=\"640\" src=\"https:\/\/www.consultoriatt.com\/wp-content\/uploads\/2015\/06\/projectes_can_riera.jpg\" class=\"attachment-full size-full wp-post-image\" alt=\"\" srcset=\"https:\/\/www.consultoriatt.com\/wp-content\/uploads\/2015\/06\/projectes_can_riera.jpg 1024w, https:\/\/www.consultoriatt.com\/wp-content\/uploads\/2015\/06\/projectes_can_riera-250x156.jpg 250w, https:\/\/www.consultoriatt.com\/wp-content\/uploads\/2015\/06\/projectes_can_riera-300x188.jpg 300w, https:\/\/www.consultoriatt.com\/wp-content\/uploads\/2015\/06\/projectes_can_riera-640x400.jpg 640w\" sizes=\"auto, (max-width: 1024px) 100vw, 1024px\" \/><\/span>                <\/a>\n\n                <span class='text_holder'>\n    <span class='text_outer'>\n        <span class='text_inner'>\n            <span class='feature_holder'>\n                            <span class=\"feature_holder_icons\">';\n                            <a itemprop='image' class='lightbox qbutton small white' title='Proyecto actividad Can Riera de Ciuret en el Montseny' href='https:\/\/www.consultoriatt.com\/wp-content\/uploads\/2015\/06\/projectes_can_riera.jpg' data-rel='prettyPhoto[pretty_photo_gallery]'>zoom<\/a>\n    \n                            <a itemprop='url' class='preview qbutton small white' href='https:\/\/www.consultoriatt.com\/es\/portfolio_page\/proyecto-actividad-can-riera-de-ciuret-en-el-montseny\/' target='_self'>ver<\/i><\/a>\n    \n                                            <\/span>\n        <\/span>\n    <\/span>\n<\/span>            <\/div>\n                <div class='portfolio_description ' >\n\n        \n    <h2 itemprop=\"name\" class=\"portfolio_title entry_title\"><a itemprop=\"url\" href=\"https:\/\/www.consultoriatt.com\/es\/portfolio_page\/proyecto-actividad-can-riera-de-ciuret-en-el-montseny\/\" style=\"font-size: 18px\" target=\"_self\"> Proyecto actividad Can Riera de Ciuret en el Montseny<\/a><\/h2>\n\n\n            <div style=\"background-color: #FAB012\" class=\"portfolio_separator separator  small center\"><\/div>\n\n            <span class=\"project_category\" style=\"color: #A51226\" >\n    Can Riera de Ciuret, Instalaci\u00f3n juvenil, Modificaci\u00f3n sustancial, Topograf\u00eda    <\/span>\n\n    <\/div>\n        \n<\/article>\n<article class='mix portfolio_category_1209 portfolio_category_1212 portfolio_category_1243 default' style=''>\n    \n    \n    \n                <div class='image_holder'>\n                <a itemprop='url' class='portfolio_link_for_touch' href='https:\/\/www.consultoriatt.com\/es\/portfolio_page\/proyecto-de-voladura-tipo\/' target='_self'>\n                    \n<span class='image'><img loading=\"lazy\" decoding=\"async\" width=\"1024\" height=\"640\" src=\"https:\/\/www.consultoriatt.com\/wp-content\/uploads\/2012\/06\/projectes_voladura_tipus_01.jpg\" class=\"attachment-full size-full wp-post-image\" alt=\"\" srcset=\"https:\/\/www.consultoriatt.com\/wp-content\/uploads\/2012\/06\/projectes_voladura_tipus_01.jpg 1024w, https:\/\/www.consultoriatt.com\/wp-content\/uploads\/2012\/06\/projectes_voladura_tipus_01-250x156.jpg 250w, https:\/\/www.consultoriatt.com\/wp-content\/uploads\/2012\/06\/projectes_voladura_tipus_01-300x188.jpg 300w, https:\/\/www.consultoriatt.com\/wp-content\/uploads\/2012\/06\/projectes_voladura_tipus_01-640x400.jpg 640w, https:\/\/www.consultoriatt.com\/wp-content\/uploads\/2012\/06\/projectes_voladura_tipus_01-960x600.jpg 960w\" sizes=\"auto, (max-width: 1024px) 100vw, 1024px\" \/><\/span>                <\/a>\n\n                <span class='text_holder'>\n    <span class='text_outer'>\n        <span class='text_inner'>\n            <span class='feature_holder'>\n                            <span class=\"feature_holder_icons\">';\n                            <a itemprop='image' class='lightbox qbutton small white' title='Proyecto de voladura tipo' href='https:\/\/www.consultoriatt.com\/wp-content\/uploads\/2012\/06\/projectes_voladura_tipus_01.jpg' data-rel='prettyPhoto[pretty_photo_gallery]'>zoom<\/a>\n    \n                            <a itemprop='url' class='preview qbutton small white' href='https:\/\/www.consultoriatt.com\/es\/portfolio_page\/proyecto-de-voladura-tipo\/' target='_self'>ver<\/i><\/a>\n    \n                                            <\/span>\n        <\/span>\n    <\/span>\n<\/span>            <\/div>\n                <div class='portfolio_description ' >\n\n        \n    <h2 itemprop=\"name\" class=\"portfolio_title entry_title\"><a itemprop=\"url\" href=\"https:\/\/www.consultoriatt.com\/es\/portfolio_page\/proyecto-de-voladura-tipo\/\" style=\"font-size: 18px\" target=\"_self\"> Proyecto de voladura tipo<\/a><\/h2>\n\n\n            <div style=\"background-color: #FAB012\" class=\"portfolio_separator separator  small center\"><\/div>\n\n            <span class=\"project_category\" style=\"color: #A51226\" >\n    Cueva de Charley, Explosivos, Proyecto    <\/span>\n\n    <\/div>\n        \n<\/article>\n<article class='mix portfolio_category_1233 portfolio_category_1228 portfolio_category_1244 portfolio_category_1253 default' style=''>\n    \n    \n    \n                <div class='image_holder'>\n                <a itemprop='url' class='portfolio_link_for_touch' href='https:\/\/www.consultoriatt.com\/es\/portfolio_page\/autorizacion-ambiental-actividad-reinanfer-sl\/' target='_self'>\n                    \n<span class='image'><img loading=\"lazy\" decoding=\"async\" width=\"1024\" height=\"640\" src=\"https:\/\/www.consultoriatt.com\/wp-content\/uploads\/2015\/06\/projectes_reinanfer.jpg\" class=\"attachment-full size-full wp-post-image\" alt=\"\" srcset=\"https:\/\/www.consultoriatt.com\/wp-content\/uploads\/2015\/06\/projectes_reinanfer.jpg 1024w, https:\/\/www.consultoriatt.com\/wp-content\/uploads\/2015\/06\/projectes_reinanfer-250x156.jpg 250w, https:\/\/www.consultoriatt.com\/wp-content\/uploads\/2015\/06\/projectes_reinanfer-300x188.jpg 300w, https:\/\/www.consultoriatt.com\/wp-content\/uploads\/2015\/06\/projectes_reinanfer-640x400.jpg 640w\" sizes=\"auto, (max-width: 1024px) 100vw, 1024px\" \/><\/span>                <\/a>\n\n                <span class='text_holder'>\n    <span class='text_outer'>\n        <span class='text_inner'>\n            <span class='feature_holder'>\n                            <span class=\"feature_holder_icons\">';\n                            <a itemprop='image' class='lightbox qbutton small white' title='Autorizaci\u00f3n ambiental actividad REINANFER, SL' href='https:\/\/www.consultoriatt.com\/wp-content\/uploads\/2015\/06\/projectes_reinanfer.jpg' data-rel='prettyPhoto[pretty_photo_gallery]'>zoom<\/a>\n    \n                            <a itemprop='url' class='preview qbutton small white' href='https:\/\/www.consultoriatt.com\/es\/portfolio_page\/autorizacion-ambiental-actividad-reinanfer-sl\/' target='_self'>ver<\/i><\/a>\n    \n                                            <\/span>\n        <\/span>\n    <\/span>\n<\/span>            <\/div>\n                <div class='portfolio_description ' >\n\n        \n    <h2 itemprop=\"name\" class=\"portfolio_title entry_title\"><a itemprop=\"url\" href=\"https:\/\/www.consultoriatt.com\/es\/portfolio_page\/autorizacion-ambiental-actividad-reinanfer-sl\/\" style=\"font-size: 18px\" target=\"_self\"> Autorizaci\u00f3n ambiental actividad REINANFER, SL<\/a><\/h2>\n\n\n            <div style=\"background-color: #FAB012\" class=\"portfolio_separator separator  small center\"><\/div>\n\n            <span class=\"project_category\" style=\"color: #A51226\" >\n    Cantera, Modificaci\u00f3n sustancial, Reinanfer SL, Transmisi\u00f3n de derechos    <\/span>\n\n    <\/div>\n        \n<\/article>\n<article class='mix portfolio_category_1233 portfolio_category_1214 portfolio_category_1241 portfolio_category_1246 default' style=''>\n    \n    \n    \n                <div class='image_holder'>\n                <a itemprop='url' class='portfolio_link_for_touch' href='https:\/\/www.consultoriatt.com\/es\/portfolio_page\/formacion-y-capacitacion-de-maquinistas-mineros\/' target='_self'>\n                    \n<span class='image'><img loading=\"lazy\" decoding=\"async\" width=\"1024\" height=\"640\" src=\"https:\/\/www.consultoriatt.com\/wp-content\/uploads\/2011\/07\/projectes_romero.jpg\" class=\"attachment-full size-full wp-post-image\" alt=\"\" srcset=\"https:\/\/www.consultoriatt.com\/wp-content\/uploads\/2011\/07\/projectes_romero.jpg 1024w, https:\/\/www.consultoriatt.com\/wp-content\/uploads\/2011\/07\/projectes_romero-250x156.jpg 250w, https:\/\/www.consultoriatt.com\/wp-content\/uploads\/2011\/07\/projectes_romero-300x188.jpg 300w, https:\/\/www.consultoriatt.com\/wp-content\/uploads\/2011\/07\/projectes_romero-640x400.jpg 640w\" sizes=\"auto, (max-width: 1024px) 100vw, 1024px\" \/><\/span>                <\/a>\n\n                <span class='text_holder'>\n    <span class='text_outer'>\n        <span class='text_inner'>\n            <span class='feature_holder'>\n                            <span class=\"feature_holder_icons\">';\n                            <a itemprop='image' class='lightbox qbutton small white' title='Formaci\u00f3n y capacitaci\u00f3n de maquinistas mineros' href='https:\/\/www.consultoriatt.com\/wp-content\/uploads\/2011\/07\/projectes_romero.jpg' data-rel='prettyPhoto[pretty_photo_gallery]'>zoom<\/a>\n    \n                            <a itemprop='url' class='preview qbutton small white' href='https:\/\/www.consultoriatt.com\/es\/portfolio_page\/formacion-y-capacitacion-de-maquinistas-mineros\/' target='_self'>ver<\/i><\/a>\n    \n                                            <\/span>\n        <\/span>\n    <\/span>\n<\/span>            <\/div>\n                <div class='portfolio_description ' >\n\n        \n    <h2 itemprop=\"name\" class=\"portfolio_title entry_title\"><a itemprop=\"url\" href=\"https:\/\/www.consultoriatt.com\/es\/portfolio_page\/formacion-y-capacitacion-de-maquinistas-mineros\/\" style=\"font-size: 18px\" target=\"_self\"> Formaci\u00f3n y capacitaci\u00f3n de maquinistas mineros<\/a><\/h2>\n\n\n            <div style=\"background-color: #FAB012\" class=\"portfolio_separator separator  small center\"><\/div>\n\n            <span class=\"project_category\" style=\"color: #A51226\" >\n    Cantera, Formaci\u00f3n, Prevenci\u00f3n de Riesgos Laborales, Romero Gamero SA    <\/span>\n\n    <\/div>\n        \n<\/article>\n<article class='mix portfolio_category_1199 portfolio_category_1233 portfolio_category_1210 portfolio_category_1226 default' style=''>\n    \n    \n    \n                <div class='image_holder'>\n                <a itemprop='url' class='portfolio_link_for_touch' href='https:\/\/www.consultoriatt.com\/es\/portfolio_page\/acompanamiento-por-acreditacion-enac-de-organismo-notificado\/' target='_self'>\n                    \n<span class='image'><img loading=\"lazy\" decoding=\"async\" width=\"1024\" height=\"640\" src=\"https:\/\/www.consultoriatt.com\/wp-content\/uploads\/2015\/06\/projectes_el_canton.jpg\" class=\"attachment-full size-full wp-post-image\" alt=\"\" srcset=\"https:\/\/www.consultoriatt.com\/wp-content\/uploads\/2015\/06\/projectes_el_canton.jpg 1024w, https:\/\/www.consultoriatt.com\/wp-content\/uploads\/2015\/06\/projectes_el_canton-250x156.jpg 250w, https:\/\/www.consultoriatt.com\/wp-content\/uploads\/2015\/06\/projectes_el_canton-300x188.jpg 300w, https:\/\/www.consultoriatt.com\/wp-content\/uploads\/2015\/06\/projectes_el_canton-640x400.jpg 640w\" sizes=\"auto, (max-width: 1024px) 100vw, 1024px\" \/><\/span>                <\/a>\n\n                <span class='text_holder'>\n    <span class='text_outer'>\n        <span class='text_inner'>\n            <span class='feature_holder'>\n                            <span class=\"feature_holder_icons\">';\n                            <a itemprop='image' class='lightbox qbutton small white' title='Acompa\u00f1amiento por acreditaci\u00f3n ENAC de organismo notificado' href='https:\/\/www.consultoriatt.com\/wp-content\/uploads\/2015\/06\/projectes_el_canton.jpg' data-rel='prettyPhoto[pretty_photo_gallery]'>zoom<\/a>\n    \n                            <a itemprop='url' class='preview qbutton small white' href='https:\/\/www.consultoriatt.com\/es\/portfolio_page\/acompanamiento-por-acreditacion-enac-de-organismo-notificado\/' target='_self'>ver<\/i><\/a>\n    \n                                            <\/span>\n        <\/span>\n    <\/span>\n<\/span>            <\/div>\n                <div class='portfolio_description ' >\n\n        \n    <h2 itemprop=\"name\" class=\"portfolio_title entry_title\"><a itemprop=\"url\" href=\"https:\/\/www.consultoriatt.com\/es\/portfolio_page\/acompanamiento-por-acreditacion-enac-de-organismo-notificado\/\" style=\"font-size: 18px\" target=\"_self\"> Acompa\u00f1amiento por acreditaci\u00f3n ENAC de organismo notificado<\/a><\/h2>\n\n\n            <div style=\"background-color: #FAB012\" class=\"portfolio_separator separator  small center\"><\/div>\n\n            <span class=\"project_category\" style=\"color: #A51226\" >\n    \u00c1ridos El Cant\u00f3n, Cantera, ENAC, Marcaje CE    <\/span>\n\n    <\/div>\n        \n<\/article>\n<article class='mix portfolio_category_1225 portfolio_category_1238 default' style=''>\n    \n    \n    \n                <div class='image_holder'>\n                <a itemprop='url' class='portfolio_link_for_touch' href='https:\/\/www.consultoriatt.com\/es\/portfolio_page\/programa-de-restauracion-actividad-minera\/' target='_self'>\n                    \n<span class='image'><img loading=\"lazy\" decoding=\"async\" width=\"1024\" height=\"640\" src=\"https:\/\/www.consultoriatt.com\/wp-content\/uploads\/2009\/09\/projectes_forques.jpg\" class=\"attachment-full size-full wp-post-image\" alt=\"\" srcset=\"https:\/\/www.consultoriatt.com\/wp-content\/uploads\/2009\/09\/projectes_forques.jpg 1024w, https:\/\/www.consultoriatt.com\/wp-content\/uploads\/2009\/09\/projectes_forques-250x156.jpg 250w, https:\/\/www.consultoriatt.com\/wp-content\/uploads\/2009\/09\/projectes_forques-300x188.jpg 300w, https:\/\/www.consultoriatt.com\/wp-content\/uploads\/2009\/09\/projectes_forques-640x400.jpg 640w\" sizes=\"auto, (max-width: 1024px) 100vw, 1024px\" \/><\/span>                <\/a>\n\n                <span class='text_holder'>\n    <span class='text_outer'>\n        <span class='text_inner'>\n            <span class='feature_holder'>\n                            <span class=\"feature_holder_icons\">';\n                            <a itemprop='image' class='lightbox qbutton small white' title='Programa de restauraci\u00f3n actividad minera' href='https:\/\/www.consultoriatt.com\/wp-content\/uploads\/2009\/09\/projectes_forques.jpg' data-rel='prettyPhoto[pretty_photo_gallery]'>zoom<\/a>\n    \n                            <a itemprop='url' class='preview qbutton small white' href='https:\/\/www.consultoriatt.com\/es\/portfolio_page\/programa-de-restauracion-actividad-minera\/' target='_self'>ver<\/i><\/a>\n    \n                                            <\/span>\n        <\/span>\n    <\/span>\n<\/span>            <\/div>\n                <div class='portfolio_description ' >\n\n        \n    <h2 itemprop=\"name\" class=\"portfolio_title entry_title\"><a itemprop=\"url\" href=\"https:\/\/www.consultoriatt.com\/es\/portfolio_page\/programa-de-restauracion-actividad-minera\/\" style=\"font-size: 18px\" target=\"_self\"> Programa de restauraci\u00f3n actividad minera<\/a><\/h2>\n\n\n            <div style=\"background-color: #FAB012\" class=\"portfolio_separator separator  small center\"><\/div>\n\n            <span class=\"project_category\" style=\"color: #A51226\" >\n    Les Forques, Plan de restauraci\u00f3n    <\/span>\n\n    <\/div>\n        \n<\/article>\n<article class='mix portfolio_category_1233 portfolio_category_1227 portfolio_category_1232 portfolio_category_1248 default' style=''>\n    \n    \n    \n                <div class='image_holder'>\n                <a itemprop='url' class='portfolio_link_for_touch' href='https:\/\/www.consultoriatt.com\/es\/portfolio_page\/control-higienico-en-el-puesto-de-trabajo\/' target='_self'>\n                    \n<span class='image'><img loading=\"lazy\" decoding=\"async\" width=\"1024\" height=\"640\" src=\"https:\/\/www.consultoriatt.com\/wp-content\/uploads\/2015\/06\/projectes_control_higienic.jpg\" class=\"attachment-full size-full wp-post-image\" alt=\"\" srcset=\"https:\/\/www.consultoriatt.com\/wp-content\/uploads\/2015\/06\/projectes_control_higienic.jpg 1024w, https:\/\/www.consultoriatt.com\/wp-content\/uploads\/2015\/06\/projectes_control_higienic-250x156.jpg 250w, https:\/\/www.consultoriatt.com\/wp-content\/uploads\/2015\/06\/projectes_control_higienic-300x188.jpg 300w, https:\/\/www.consultoriatt.com\/wp-content\/uploads\/2015\/06\/projectes_control_higienic-640x400.jpg 640w\" sizes=\"auto, (max-width: 1024px) 100vw, 1024px\" \/><\/span>                <\/a>\n\n                <span class='text_holder'>\n    <span class='text_outer'>\n        <span class='text_inner'>\n            <span class='feature_holder'>\n                            <span class=\"feature_holder_icons\">';\n                            <a itemprop='image' class='lightbox qbutton small white' title='Control higi\u00e9nico en el puesto de trabajo' href='https:\/\/www.consultoriatt.com\/wp-content\/uploads\/2015\/06\/projectes_control_higienic.jpg' data-rel='prettyPhoto[pretty_photo_gallery]'>zoom<\/a>\n    \n                            <a itemprop='url' class='preview qbutton small white' href='https:\/\/www.consultoriatt.com\/es\/portfolio_page\/control-higienico-en-el-puesto-de-trabajo\/' target='_self'>ver<\/i><\/a>\n    \n                                            <\/span>\n        <\/span>\n    <\/span>\n<\/span>            <\/div>\n                <div class='portfolio_description ' >\n\n        \n    <h2 itemprop=\"name\" class=\"portfolio_title entry_title\"><a itemprop=\"url\" href=\"https:\/\/www.consultoriatt.com\/es\/portfolio_page\/control-higienico-en-el-puesto-de-trabajo\/\" style=\"font-size: 18px\" target=\"_self\"> Control higi\u00e9nico en el puesto de trabajo<\/a><\/h2>\n\n\n            <div style=\"background-color: #FAB012\" class=\"portfolio_separator separator  small center\"><\/div>\n\n            <span class=\"project_category\" style=\"color: #A51226\" >\n    Cantera, Medidas de polvo respirable, Pedracor SA, Silicosi    <\/span>\n\n    <\/div>\n        \n<\/article>\n<article class='mix portfolio_category_1204 portfolio_category_1207 portfolio_category_1213 portfolio_category_1241 default' style=''>\n    \n    \n    \n                <div class='image_holder'>\n                <a itemprop='url' class='portfolio_link_for_touch' href='https:\/\/www.consultoriatt.com\/es\/portfolio_page\/fiscalizacion-de-la-prevencion-en-ceramicas-princep\/' target='_self'>\n                    \n<span class='image'><img loading=\"lazy\" decoding=\"async\" width=\"1024\" height=\"640\" src=\"https:\/\/www.consultoriatt.com\/wp-content\/uploads\/2008\/02\/projectes_ceramiques_princep.jpg\" class=\"attachment-full size-full wp-post-image\" alt=\"\" srcset=\"https:\/\/www.consultoriatt.com\/wp-content\/uploads\/2008\/02\/projectes_ceramiques_princep.jpg 1024w, https:\/\/www.consultoriatt.com\/wp-content\/uploads\/2008\/02\/projectes_ceramiques_princep-250x156.jpg 250w, https:\/\/www.consultoriatt.com\/wp-content\/uploads\/2008\/02\/projectes_ceramiques_princep-300x188.jpg 300w, https:\/\/www.consultoriatt.com\/wp-content\/uploads\/2008\/02\/projectes_ceramiques_princep-640x400.jpg 640w\" sizes=\"auto, (max-width: 1024px) 100vw, 1024px\" \/><\/span>                <\/a>\n\n                <span class='text_holder'>\n    <span class='text_outer'>\n        <span class='text_inner'>\n            <span class='feature_holder'>\n                            <span class=\"feature_holder_icons\">';\n                            <a itemprop='image' class='lightbox qbutton small white' title='Fiscalizaci\u00f3n de la prevenci\u00f3n en Cer\u00e1micas Princep' href='https:\/\/www.consultoriatt.com\/wp-content\/uploads\/2008\/02\/projectes_ceramiques_princep.jpg' data-rel='prettyPhoto[pretty_photo_gallery]'>zoom<\/a>\n    \n                            <a itemprop='url' class='preview qbutton small white' href='https:\/\/www.consultoriatt.com\/es\/portfolio_page\/fiscalizacion-de-la-prevencion-en-ceramicas-princep\/' target='_self'>ver<\/i><\/a>\n    \n                                            <\/span>\n        <\/span>\n    <\/span>\n<\/span>            <\/div>\n                <div class='portfolio_description ' >\n\n        \n    <h2 itemprop=\"name\" class=\"portfolio_title entry_title\"><a itemprop=\"url\" href=\"https:\/\/www.consultoriatt.com\/es\/portfolio_page\/fiscalizacion-de-la-prevencion-en-ceramicas-princep\/\" style=\"font-size: 18px\" target=\"_self\"> Fiscalizaci\u00f3n de la prevenci\u00f3n en Cer\u00e1micas Princep<\/a><\/h2>\n\n\n            <div style=\"background-color: #FAB012\" class=\"portfolio_separator separator  small center\"><\/div>\n\n            <span class=\"project_category\" style=\"color: #A51226\" >\n    B\u00f3bila, Cer\u00e0miques Pr\u00edncep, FIscalizaci\u00f3n cumplimiento legal, Prevenci\u00f3n de Riesgos Laborales    <\/span>\n\n    <\/div>\n        \n<\/article>\n<article class='mix portfolio_category_1219 portfolio_category_1228 portfolio_category_1240 portfolio_category_1242 default' style=''>\n    \n    \n    \n                <div class='image_holder'>\n                <a itemprop='url' class='portfolio_link_for_touch' href='https:\/\/www.consultoriatt.com\/es\/portfolio_page\/proyecto-actividades-prevesec-en-el-papiol\/' target='_self'>\n                    \n<span class='image'><img loading=\"lazy\" decoding=\"async\" width=\"1024\" height=\"640\" src=\"https:\/\/www.consultoriatt.com\/wp-content\/uploads\/2015\/06\/projectes_el_papiol.jpg\" class=\"attachment-full size-full wp-post-image\" alt=\"\" srcset=\"https:\/\/www.consultoriatt.com\/wp-content\/uploads\/2015\/06\/projectes_el_papiol.jpg 1024w, https:\/\/www.consultoriatt.com\/wp-content\/uploads\/2015\/06\/projectes_el_papiol-250x156.jpg 250w, https:\/\/www.consultoriatt.com\/wp-content\/uploads\/2015\/06\/projectes_el_papiol-300x188.jpg 300w, https:\/\/www.consultoriatt.com\/wp-content\/uploads\/2015\/06\/projectes_el_papiol-640x400.jpg 640w\" sizes=\"auto, (max-width: 1024px) 100vw, 1024px\" \/><\/span>                <\/a>\n\n                <span class='text_holder'>\n    <span class='text_outer'>\n        <span class='text_inner'>\n            <span class='feature_holder'>\n                            <span class=\"feature_holder_icons\">';\n                            <a itemprop='image' class='lightbox qbutton small white' title='Proyecto actividades PREVESEC en el Papiol' href='https:\/\/www.consultoriatt.com\/wp-content\/uploads\/2015\/06\/projectes_el_papiol.jpg' data-rel='prettyPhoto[pretty_photo_gallery]'>zoom<\/a>\n    \n                            <a itemprop='url' class='preview qbutton small white' href='https:\/\/www.consultoriatt.com\/es\/portfolio_page\/proyecto-actividades-prevesec-en-el-papiol\/' target='_self'>ver<\/i><\/a>\n    \n                                            <\/span>\n        <\/span>\n    <\/span>\n<\/span>            <\/div>\n                <div class='portfolio_description ' >\n\n        \n    <h2 itemprop=\"name\" class=\"portfolio_title entry_title\"><a itemprop=\"url\" href=\"https:\/\/www.consultoriatt.com\/es\/portfolio_page\/proyecto-actividades-prevesec-en-el-papiol\/\" style=\"font-size: 18px\" target=\"_self\"> Proyecto actividades PREVESEC en el Papiol<\/a><\/h2>\n\n\n            <div style=\"background-color: #FAB012\" class=\"portfolio_separator separator  small center\"><\/div>\n\n            <span class=\"project_category\" style=\"color: #A51226\" >\n    Impacto ambiental, Modificaci\u00f3n sustancial, Planta de mortero, Prevesec SA    <\/span>\n\n    <\/div>\n        \n<\/article>\n<article class='mix portfolio_category_1200 portfolio_category_1216 portfolio_category_1224 portfolio_category_1226 default' style=''>\n    \n    \n    \n                <div class='image_holder'>\n                <a itemprop='url' class='portfolio_link_for_touch' href='https:\/\/www.consultoriatt.com\/es\/portfolio_page\/asesoramiento-laboratorio-de-aridos-de-aridos-uniland\/' target='_self'>\n                    \n<span class='image'><img loading=\"lazy\" decoding=\"async\" width=\"1024\" height=\"640\" src=\"https:\/\/www.consultoriatt.com\/wp-content\/uploads\/2006\/06\/projectes_UNILAND_02.jpg\" class=\"attachment-full size-full wp-post-image\" alt=\"\" srcset=\"https:\/\/www.consultoriatt.com\/wp-content\/uploads\/2006\/06\/projectes_UNILAND_02.jpg 1024w, https:\/\/www.consultoriatt.com\/wp-content\/uploads\/2006\/06\/projectes_UNILAND_02-250x156.jpg 250w, https:\/\/www.consultoriatt.com\/wp-content\/uploads\/2006\/06\/projectes_UNILAND_02-300x188.jpg 300w, https:\/\/www.consultoriatt.com\/wp-content\/uploads\/2006\/06\/projectes_UNILAND_02-640x400.jpg 640w\" sizes=\"auto, (max-width: 1024px) 100vw, 1024px\" \/><\/span>                <\/a>\n\n                <span class='text_holder'>\n    <span class='text_outer'>\n        <span class='text_inner'>\n            <span class='feature_holder'>\n                            <span class=\"feature_holder_icons\">';\n                            <a itemprop='image' class='lightbox qbutton small white' title='Asesoramiento laboratorio de \u00e1ridos de \u00c1ridos UNILAND' href='https:\/\/www.consultoriatt.com\/wp-content\/uploads\/2006\/06\/projectes_UNILAND_02.jpg' data-rel='prettyPhoto[pretty_photo_gallery]'>zoom<\/a>\n    \n                            <a itemprop='url' class='preview qbutton small white' href='https:\/\/www.consultoriatt.com\/es\/portfolio_page\/asesoramiento-laboratorio-de-aridos-de-aridos-uniland\/' target='_self'>ver<\/i><\/a>\n    \n                                            <\/span>\n        <\/span>\n    <\/span>\n<\/span>            <\/div>\n                <div class='portfolio_description ' >\n\n        \n    <h2 itemprop=\"name\" class=\"portfolio_title entry_title\"><a itemprop=\"url\" href=\"https:\/\/www.consultoriatt.com\/es\/portfolio_page\/asesoramiento-laboratorio-de-aridos-de-aridos-uniland\/\" style=\"font-size: 18px\" target=\"_self\"> Asesoramiento laboratorio de \u00e1ridos de \u00c1ridos UNILAND<\/a><\/h2>\n\n\n            <div style=\"background-color: #FAB012\" class=\"portfolio_separator separator  small center\"><\/div>\n\n            <span class=\"project_category\" style=\"color: #A51226\" >\n    \u00c1ridos UNILAND, Gesti\u00f3n de la calidad, Laboratorio, Marcaje CE    <\/span>\n\n    <\/div>\n        \n<\/article>\n<article class='mix portfolio_category_1200 portfolio_category_1201 portfolio_category_1216 portfolio_category_1226 default' style=''>\n    \n    \n    \n                <div class='image_holder'>\n                <a itemprop='url' class='portfolio_link_for_touch' href='https:\/\/www.consultoriatt.com\/es\/portfolio_page\/marcaje-ce-por-aridos-uniland\/' target='_self'>\n                    \n<span class='image'><img loading=\"lazy\" decoding=\"async\" width=\"1280\" height=\"826\" src=\"https:\/\/www.consultoriatt.com\/wp-content\/uploads\/2005\/12\/projectes_UNILAND_01.jpg\" class=\"attachment-full size-full wp-post-image\" alt=\"\" srcset=\"https:\/\/www.consultoriatt.com\/wp-content\/uploads\/2005\/12\/projectes_UNILAND_01.jpg 1280w, https:\/\/www.consultoriatt.com\/wp-content\/uploads\/2005\/12\/projectes_UNILAND_01-250x161.jpg 250w, https:\/\/www.consultoriatt.com\/wp-content\/uploads\/2005\/12\/projectes_UNILAND_01-300x194.jpg 300w, https:\/\/www.consultoriatt.com\/wp-content\/uploads\/2005\/12\/projectes_UNILAND_01-1024x661.jpg 1024w\" sizes=\"auto, (max-width: 1280px) 100vw, 1280px\" \/><\/span>                <\/a>\n\n                <span class='text_holder'>\n    <span class='text_outer'>\n        <span class='text_inner'>\n            <span class='feature_holder'>\n                            <span class=\"feature_holder_icons\">';\n                            <a itemprop='image' class='lightbox qbutton small white' title='Marcaje CE por \u00c1ridos UNILAND' href='https:\/\/www.consultoriatt.com\/wp-content\/uploads\/2005\/12\/projectes_UNILAND_01.jpg' data-rel='prettyPhoto[pretty_photo_gallery]'>zoom<\/a>\n    \n                            <a itemprop='url' class='preview qbutton small white' href='https:\/\/www.consultoriatt.com\/es\/portfolio_page\/marcaje-ce-por-aridos-uniland\/' target='_self'>ver<\/i><\/a>\n    \n                                            <\/span>\n        <\/span>\n    <\/span>\n<\/span>            <\/div>\n                <div class='portfolio_description ' >\n\n        \n    <h2 itemprop=\"name\" class=\"portfolio_title entry_title\"><a itemprop=\"url\" href=\"https:\/\/www.consultoriatt.com\/es\/portfolio_page\/marcaje-ce-por-aridos-uniland\/\" style=\"font-size: 18px\" target=\"_self\"> Marcaje CE por \u00c1ridos UNILAND<\/a><\/h2>\n\n\n            <div style=\"background-color: #FAB012\" class=\"portfolio_separator separator  small center\"><\/div>\n\n            <span class=\"project_category\" style=\"color: #A51226\" >\n    \u00c1ridos UNILAND, Asesoramiento, Gesti\u00f3n de la calidad, Marcaje CE    <\/span>\n\n    <\/div>\n        \n<\/article>\n        <div class='filler'><\/div>\n            <div class='filler'><\/div>\n            <div class='filler'><\/div>\n        <\/div>\n\n    \n    <\/div>[\/vc_column][\/vc_row]<\/p>\n<\/div>","protected":false},"excerpt":{"rendered":"<p>[vc_row css_animation=\u00bb\u00bb row_type=\u00bbrow\u00bb use_row_as_full_screen_section=\u00bbno\u00bb type=\u00bbfull_width\u00bb angled_section=\u00bbno\u00bb text_align=\u00bbleft\u00bb background_image_as_pattern=\u00bbwithout_pattern\u00bb z_index=\u00bb\u00bb padding_bottom=\u00bb50&#8243;][vc_column][vc_single_image image=\u00bb16639&#8243; img_size=\u00bbfull\u00bb alignment=\u00bbcenter\u00bb css=\u00bb\u00bb qode_css_animation=\u00bb\u00bb][\/vc_column][\/vc_row][vc_row css_animation=\u00bb\u00bb row_type=\u00bbrow\u00bb use_row_as_full_screen_section=\u00bbno\u00bb type=\u00bbgrid\u00bb angled_section=\u00bbno\u00bb text_align=\u00bbleft\u00bb background_image_as_pattern=\u00bbwithout_pattern\u00bb padding_bottom=\u00bb75&#8243; z_index=\u00bb\u00bb css=\u00bb.vc_custom_1758873102283{margin-top: -20px !important;padding-top: -20px !important;background-color: #ffffff !important;}\u00bb][vc_column css=\u00bb.vc_custom_1758194804783{padding-right: 10% !important;}\u00bb][vc_column_text css=\u00bb\u00bb] PROYECTOS [\/vc_column_text][vc_empty_space height=\u00bb10&#8243;][vc_column_text css=\u00bb\u00bb] Ingenier\u00eda minera, emergencias, PRL, legalizaci\u00f3n de&#8230;<\/p>\n","protected":false},"author":1,"featured_media":0,"parent":0,"menu_order":0,"comment_status":"closed","ping_status":"closed","template":"full_width.php","meta":{"footnotes":""},"class_list":["post-16859","page","type-page","status-publish","hentry"],"_links":{"self":[{"href":"https:\/\/www.consultoriatt.com\/es\/wp-json\/wp\/v2\/pages\/16859","targetHints":{"allow":["GET"]}}],"collection":[{"href":"https:\/\/www.consultoriatt.com\/es\/wp-json\/wp\/v2\/pages"}],"about":[{"href":"https:\/\/www.consultoriatt.com\/es\/wp-json\/wp\/v2\/types\/page"}],"author":[{"embeddable":true,"href":"https:\/\/www.consultoriatt.com\/es\/wp-json\/wp\/v2\/users\/1"}],"replies":[{"embeddable":true,"href":"https:\/\/www.consultoriatt.com\/es\/wp-json\/wp\/v2\/comments?post=16859"}],"version-history":[{"count":4,"href":"https:\/\/www.consultoriatt.com\/es\/wp-json\/wp\/v2\/pages\/16859\/revisions"}],"predecessor-version":[{"id":16862,"href":"https:\/\/www.consultoriatt.com\/es\/wp-json\/wp\/v2\/pages\/16859\/revisions\/16862"}],"wp:attachment":[{"href":"https:\/\/www.consultoriatt.com\/es\/wp-json\/wp\/v2\/media?parent=16859"}],"curies":[{"name":"wp","href":"https:\/\/api.w.org\/{rel}","templated":true}]}}